{"id":73,"date":"2018-02-05T11:17:17","date_gmt":"2018-02-05T10:17:32","guid":{"rendered":"http:\/\/martins4.cyon.link\/stefan\/?page_id=73"},"modified":"2025-12-12T09:00:04","modified_gmt":"2025-12-12T08:00:04","slug":"gottesdienste","status":"publish","type":"page","link":"https:\/\/www.martin-stefan.ch\/martin\/angebote\/gottesdienste\/","title":{"rendered":"Gottesdienste"},"content":{"rendered":"<p>Im Gottesdienst kommen wir zusammen, um uns mit allen Facetten unseres pers\u00f6nlichen Lebens in Gottes N\u00e4he zu stellen, um sein Wort aus den Schriften der Bibel zu h\u00f6ren, um ihm im Gebet und Gesang zu antworten.<br \/>\nGemeinsames Feiern weckt und vertieft den eigenen Glauben und l\u00e4sst uns gest\u00e4rkt wieder in den Alltag zur\u00fcck gehen.<\/p>\n<p>Wir feiern Gottesdienste in einer grossen Vielfalt: Eucharistiefeiern, Wortgottesdienste mit Kommunionfeier, \u00f6kumenische Gottesdienste, Gottesdienste f\u00fcr Familien, Senioren und viele mehr.<\/p>\n<p>&nbsp;<\/p>\n<p>NEU k\u00f6nnen sie jetzt die Kollekte auch mit TWINT bezahlen. In der Kirche h\u00e4ngen QR-Code aus. Ihre Spende geht anonymisiert ein. Alle Daten bleiben bei TWINT und werden nicht an Dritte, auch nicht an uns, weitergegeben.<\/p>\n<br \/><div class=\"event_list_wrapper\"><h4>N\u00e4chste Daten<\/h4><div class=\"event_list_item\"><a href=\"https:\/\/www.martin-stefan.ch\/martin\/veranstaltung\/12136\/\"><div class=\"event_date_text\">Samstag, 5. September 2026, 18.00 Uhr<\/div><div class=\"event_title\">keine Eucharistiefeier<\/div><div class=\"event_location\">Kirche St. Martin Seuzach<\/div><\/a><\/div><div class=\"event_list_item\"><a href=\"https:\/\/www.martin-stefan.ch\/martin\/veranstaltung\/12188\/\"><div class=\"event_date_text\">Sonntag, 6. September 2026, 10.00 Uhr<\/div><div class=\"event_title\">Firmer\u00f6ffnungsgottesdienst (KC\/FA)<\/div><div class=\"event_location\">Kirche St. Martin Seuzach<\/div><\/a><\/div><div class=\"event_list_item\"><a href=\"https:\/\/www.martin-stefan.ch\/martin\/veranstaltung\/12245\/\"><div class=\"event_date_text\">Dienstag, 8. September 2026, 8.30 Uhr<\/div><div class=\"event_title\">Eucharistiefeier (BA)<\/div><div class=\"event_location\">Kirche St. Martin Seuzach<\/div><\/a><\/div><div class=\"event_list_item\"><a href=\"https:\/\/www.martin-stefan.ch\/martin\/veranstaltung\/12298\/\"><div class=\"event_date_text\">Dienstag, 8. September 2026, 9.00 Uhr<\/div><div class=\"event_title\">Rosenkranz<\/div><div class=\"event_location\">Kirche St. Martin Seuzach<\/div><\/a><\/div><div class=\"event_list_item\"><a href=\"https:\/\/www.martin-stefan.ch\/martin\/veranstaltung\/12137\/\"><div class=\"event_date_text\">Samstag, 12. September 2026, 18.00 Uhr<\/div><div class=\"event_title\">Eucharistiefeier (FR)<\/div><div class=\"event_location\">Kirche St. Martin Seuzach<\/div><\/a><\/div><div class=\"event_list_item\"><a href=\"https:\/\/www.martin-stefan.ch\/martin\/veranstaltung\/12187\/\"><div class=\"event_date_text\">Sonntag, 13. September 2026, 10.00 Uhr<\/div><div class=\"event_title\">Eucharistiefeier (FR)<\/div><div class=\"event_location\">Kirche St. Martin Seuzach<\/div><\/a><\/div><div class=\"event_list_item\"><a href=\"https:\/\/www.martin-stefan.ch\/martin\/veranstaltung\/12635\/\"><div class=\"event_date_text\">Sonntag, 13. September 2026, 11.30 Uhr<\/div><div class=\"event_title\">Tauffeier<\/div><div class=\"event_location\">Kirche St. Martin Seuzach<\/div><\/a><\/div><div class=\"event_list_item\"><a href=\"https:\/\/www.martin-stefan.ch\/martin\/veranstaltung\/12246\/\"><div class=\"event_date_text\">Dienstag, 15. September 2026, 8.30 Uhr<\/div><div class=\"event_title\">Eucharistiefeier (BA)<\/div><div class=\"event_location\">Kirche St. Martin Seuzach<\/div><\/a><\/div><div class=\"event_list_item\"><a href=\"https:\/\/www.martin-stefan.ch\/martin\/veranstaltung\/12299\/\"><div class=\"event_date_text\">Dienstag, 15. September 2026, 9.00 Uhr<\/div><div class=\"event_title\">Rosenkranz<\/div><div class=\"event_location\">Kirche St. Martin Seuzach<\/div><\/a><\/div><div class=\"event_list_item\"><a href=\"https:\/\/www.martin-stefan.ch\/martin\/veranstaltung\/12138\/\"><div class=\"event_date_text\">Samstag, 19. September 2026, 18.00 Uhr<\/div><div class=\"event_title\">keine Eucharistiefeier<\/div><div class=\"event_location\">Kirche St. Martin Seuzach<\/div><\/a><\/div><div class=\"event_list_item\"><a href=\"https:\/\/www.martin-stefan.ch\/martin\/veranstaltung\/12189\/\"><div class=\"event_date_text\">Sonntag, 20. September 2026, 10.00 Uhr<\/div><div class=\"event_title\">\u00d6kum. Gottesdienst zum Bettag (KC)<\/div><div class=\"event_location\">ref. Kirche Hettlingen<\/div><\/a><\/div><div class=\"event_list_item\"><a href=\"https:\/\/www.martin-stefan.ch\/martin\/veranstaltung\/12247\/\"><div class=\"event_date_text\">Dienstag, 22. September 2026, 8.30 Uhr<\/div><div class=\"event_title\">Wort-\/ Kommunionfeier (KC)<\/div><div class=\"event_location\">Kirche St. Martin Seuzach<\/div><\/a><\/div><div class=\"event_list_item\"><a href=\"https:\/\/www.martin-stefan.ch\/martin\/veranstaltung\/12300\/\"><div class=\"event_date_text\">Dienstag, 22. September 2026, 9.00 Uhr<\/div><div class=\"event_title\">Rosenkranz<\/div><div class=\"event_location\">Kirche St. Martin Seuzach<\/div><\/a><\/div><div class=\"event_list_item\"><a href=\"https:\/\/www.martin-stefan.ch\/martin\/veranstaltung\/12556\/\"><div class=\"event_date_text\">Samstag, 26. September 2026, 10.00 Uhr<\/div><div class=\"event_title\">Fiire mit de Chliine<\/div><div class=\"event_location\">Kirche St. Martin Seuzach<\/div><\/a><\/div><div class=\"event_list_item\"><a href=\"https:\/\/www.martin-stefan.ch\/martin\/veranstaltung\/12139\/\"><div class=\"event_date_text\">Samstag, 26. September 2026, 18.00 Uhr<\/div><div class=\"event_title\">Wort-\/ Kommunionfeier (FR)<\/div><div class=\"event_location\">Kirche St. Martin Seuzach<\/div><\/a><\/div><div class=\"event_list_item\"><a href=\"https:\/\/www.martin-stefan.ch\/martin\/veranstaltung\/12190\/\"><div class=\"event_date_text\">Sonntag, 27. September 2026, 10.00 Uhr<\/div><div class=\"event_title\">Eucharistiefeier (FR)<\/div><div class=\"event_location\">Kirche St. Martin Seuzach<\/div><\/a><\/div><div class=\"event_list_item\"><a href=\"https:\/\/www.martin-stefan.ch\/martin\/veranstaltung\/12248\/\"><div class=\"event_date_text\">Dienstag, 29. September 2026, 8.30 Uhr<\/div><div class=\"event_title\">Keine Eucharistiefeier<\/div><div class=\"event_location\">Kirche St. Martin Seuzach<\/div><\/a><\/div><div class=\"event_list_item\"><a href=\"https:\/\/www.martin-stefan.ch\/martin\/veranstaltung\/12301\/\"><div class=\"event_date_text\">Dienstag, 29. September 2026, 8.30 Uhr<\/div><div class=\"event_title\">Rosenkranz<\/div><div class=\"event_location\">Kirche St. Martin Seuzach<\/div><\/a><\/div><div class=\"event_list_item\"><a href=\"https:\/\/www.martin-stefan.ch\/martin\/veranstaltung\/13057\/\"><div class=\"event_date_text\">Freitag, 2. Oktober 2026, 17.00 Uhr<\/div><div class=\"event_title\">Frauenverein: Rosenkranzgebet<\/div><div class=\"event_location\">Kirche St. Martin Seuzach<\/div><\/a><\/div><div class=\"event_list_item\"><a href=\"https:\/\/www.martin-stefan.ch\/martin\/veranstaltung\/12140\/\"><div class=\"event_date_text\">Samstag, 3. Oktober 2026, 18.00 Uhr<\/div><div class=\"event_title\">keine Eucharistiefeier<\/div><div class=\"event_location\">Kirche St. Martin Seuzach<\/div><\/a><\/div><div class=\"event_list_item\"><a href=\"https:\/\/www.martin-stefan.ch\/martin\/veranstaltung\/12191\/\"><div class=\"event_date_text\">Sonntag, 4. Oktober 2026, 9.30 Uhr<\/div><div class=\"event_title\">Wort-\/ Kommunionfeier (EJ)<\/div><div class=\"event_location\">Kirche St. Martin Seuzach<\/div><\/a><\/div><div class=\"event_list_item\"><a href=\"https:\/\/www.martin-stefan.ch\/martin\/veranstaltung\/12249\/\"><div class=\"event_date_text\">Dienstag, 6. Oktober 2026, 8.30 Uhr<\/div><div class=\"event_title\">Eucharistiefeier (BA)<\/div><div class=\"event_location\">Kirche St. Martin Seuzach<\/div><\/a><\/div><div class=\"event_list_item\"><a href=\"https:\/\/www.martin-stefan.ch\/martin\/veranstaltung\/12302\/\"><div class=\"event_date_text\">Dienstag, 6. Oktober 2026, 9.00 Uhr<\/div><div class=\"event_title\">Rosenkranz<\/div><div class=\"event_location\">Kirche St. Martin Seuzach<\/div><\/a><\/div><div class=\"event_list_item\"><a href=\"https:\/\/www.martin-stefan.ch\/martin\/veranstaltung\/12141\/\"><div class=\"event_date_text\">Samstag, 10. Oktober 2026, 18.00 Uhr<\/div><div class=\"event_title\">keine Eucharistiefeier<\/div><div class=\"event_location\">Kirche St. Martin Seuzach<\/div><\/a><\/div><div class=\"event_list_item\"><a href=\"https:\/\/www.martin-stefan.ch\/martin\/veranstaltung\/12192\/\"><div class=\"event_date_text\">Sonntag, 11. Oktober 2026, 9.30 Uhr<\/div><div class=\"event_title\">Eucharistiefeier (BA)<\/div><div class=\"event_location\">Kirche St. Martin Seuzach<\/div><\/a><\/div><div class=\"event_list_item\"><a href=\"https:\/\/www.martin-stefan.ch\/martin\/veranstaltung\/12250\/\"><div class=\"event_date_text\">Dienstag, 13. Oktober 2026, 8.30 Uhr<\/div><div class=\"event_title\">Eucharistiefeier (BA)<\/div><div class=\"event_location\">Kirche St. Martin Seuzach<\/div><\/a><\/div><div class=\"event_list_item\"><a href=\"https:\/\/www.martin-stefan.ch\/martin\/veranstaltung\/12303\/\"><div class=\"event_date_text\">Dienstag, 13. Oktober 2026, 9.00 Uhr<\/div><div class=\"event_title\">Rosenkranz<\/div><div class=\"event_location\">Kirche St. Martin Seuzach<\/div><\/a><\/div><div class=\"event_list_item\"><a href=\"https:\/\/www.martin-stefan.ch\/martin\/veranstaltung\/12142\/\"><div class=\"event_date_text\">Samstag, 17. Oktober 2026, 18.00 Uhr<\/div><div class=\"event_title\">keine Eucharistiefeier<\/div><div class=\"event_location\">Kirche St. Martin Seuzach<\/div><\/a><\/div><div class=\"event_list_item\"><a href=\"https:\/\/www.martin-stefan.ch\/martin\/veranstaltung\/12193\/\"><div class=\"event_date_text\">Sonntag, 18. Oktober 2026, 9.30 Uhr<\/div><div class=\"event_title\">Eucharistiefeier (BA)<\/div><div class=\"event_location\">Kirche St. Martin Seuzach<\/div><\/a><\/div><div class=\"event_list_item\"><a href=\"https:\/\/www.martin-stefan.ch\/martin\/veranstaltung\/12251\/\"><div class=\"event_date_text\">Dienstag, 20. Oktober 2026, 8.30 Uhr<\/div><div class=\"event_title\">Eucharistiefeier (BA)<\/div><div class=\"event_location\">Kirche St. Martin Seuzach<\/div><\/a><\/div><div class=\"event_list_item\"><a href=\"https:\/\/www.martin-stefan.ch\/martin\/veranstaltung\/12304\/\"><div class=\"event_date_text\">Dienstag, 20. Oktober 2026, 9.00 Uhr<\/div><div class=\"event_title\">Rosenkranz<\/div><div class=\"event_location\">Kirche St. Martin Seuzach<\/div><\/a><\/div><div class=\"event_list_item\"><a href=\"https:\/\/www.martin-stefan.ch\/martin\/veranstaltung\/12143\/\"><div class=\"event_date_text\">Samstag, 24. Oktober 2026, 18.00 Uhr<\/div><div class=\"event_title\">Eucharistiefeier (BA)<\/div><div class=\"event_location\">Kirche St. Martin Seuzach<\/div><\/a><\/div><div class=\"event_list_item\"><a href=\"https:\/\/www.martin-stefan.ch\/martin\/veranstaltung\/12194\/\"><div class=\"event_date_text\">Sonntag, 25. Oktober 2026, 10.00 Uhr<\/div><div class=\"event_title\">Familiengottesdienst mit Minis (KC)<\/div><div class=\"event_location\">Kirche St. Martin Seuzach<\/div><\/a><\/div><div class=\"event_list_item\"><a href=\"https:\/\/www.martin-stefan.ch\/martin\/veranstaltung\/12252\/\"><div class=\"event_date_text\">Dienstag, 27. Oktober 2026, 8.30 Uhr<\/div><div class=\"event_title\">Eucharistiefeier (BA)<\/div><div class=\"event_location\">Kirche St. Martin Seuzach<\/div><\/a><\/div><div class=\"event_list_item\"><a href=\"https:\/\/www.martin-stefan.ch\/martin\/veranstaltung\/12305\/\"><div class=\"event_date_text\">Dienstag, 27. Oktober 2026, 9.00 Uhr<\/div><div class=\"event_title\">Rosenkranz<\/div><div class=\"event_location\">Kirche St. Martin Seuzach<\/div><\/a><\/div><div class=\"event_list_item\"><a href=\"https:\/\/www.martin-stefan.ch\/martin\/veranstaltung\/12144\/\"><div class=\"event_date_text\">Samstag, 31. Oktober 2026, 18.00 Uhr<\/div><div class=\"event_title\">Eucharistiefeier (BA)<\/div><div class=\"event_location\">Kirche St. Martin Seuzach<\/div><\/a><\/div><div class=\"event_list_item\"><a href=\"https:\/\/www.martin-stefan.ch\/martin\/veranstaltung\/12195\/\"><div class=\"event_date_text\">Sonntag, 1. November 2026, 10.00 Uhr<\/div><div class=\"event_title\">Eucharistiefeier mit Totengedenken (BA)<\/div><div class=\"event_location\">Kirche St. Martin Seuzach<\/div><\/a><\/div><div class=\"event_list_item\"><a href=\"https:\/\/www.martin-stefan.ch\/martin\/veranstaltung\/12253\/\"><div class=\"event_date_text\">Dienstag, 3. November 2026, 8.30 Uhr<\/div><div class=\"event_title\">Eucharistiefeier (BA)<\/div><div class=\"event_location\">Kirche St. Martin Seuzach<\/div><\/a><\/div><div class=\"event_list_item\"><a href=\"https:\/\/www.martin-stefan.ch\/martin\/veranstaltung\/12306\/\"><div class=\"event_date_text\">Dienstag, 3. November 2026, 9.00 Uhr<\/div><div class=\"event_title\">Rosenkranz<\/div><div class=\"event_location\">Kirche St. Martin Seuzach<\/div><\/a><\/div><div class=\"event_list_item\"><a href=\"https:\/\/www.martin-stefan.ch\/martin\/veranstaltung\/12557\/\"><div class=\"event_date_text\">Samstag, 7. November 2026, 10.00 Uhr<\/div><div class=\"event_title\">Fiire mit de Chliine<\/div><div class=\"event_location\">ref. Kirche Seuzach<\/div><\/a><\/div><div class=\"event_list_item\"><a href=\"https:\/\/www.martin-stefan.ch\/martin\/veranstaltung\/12145\/\"><div class=\"event_date_text\">Samstag, 7. November 2026, 18.00 Uhr<\/div><div class=\"event_title\">keine Eucharistiefeier<\/div><div class=\"event_location\">Kirche St. Martin Seuzach<\/div><\/a><\/div><div class=\"event_list_item\"><a href=\"https:\/\/www.martin-stefan.ch\/martin\/veranstaltung\/12196\/\"><div class=\"event_date_text\">Sonntag, 8. November 2026, 10.00 Uhr<\/div><div class=\"event_title\">Eucharistiefeier zum Patrozinium (BA\/KC)<\/div><div class=\"event_location\">Kirche St. Martin Seuzach<\/div><\/a><\/div><div class=\"event_list_item\"><a href=\"https:\/\/www.martin-stefan.ch\/martin\/veranstaltung\/12254\/\"><div class=\"event_date_text\">Dienstag, 10. November 2026, 8.30 Uhr<\/div><div class=\"event_title\">keine Eucharistiefeier<\/div><div class=\"event_location\">Kirche St. Martin Seuzach<\/div><\/a><\/div><div class=\"event_list_item\"><a href=\"https:\/\/www.martin-stefan.ch\/martin\/veranstaltung\/12307\/\"><div class=\"event_date_text\">Dienstag, 10. November 2026, 8.30 Uhr<\/div><div class=\"event_title\">Rosenkranz<\/div><div class=\"event_location\">Kirche St. Martin Seuzach<\/div><\/a><\/div><div class=\"event_list_item\"><a href=\"https:\/\/www.martin-stefan.ch\/martin\/veranstaltung\/12146\/\"><div class=\"event_date_text\">Samstag, 14. November 2026, 18.00 Uhr<\/div><div class=\"event_title\">Eucharistiefeier (BA)<\/div><div class=\"event_location\">Kirche St. Martin Seuzach<\/div><\/a><\/div><div class=\"event_list_item\"><a href=\"https:\/\/www.martin-stefan.ch\/martin\/veranstaltung\/12197\/\"><div class=\"event_date_text\">Sonntag, 15. November 2026, 10.00 Uhr<\/div><div class=\"event_title\">Eucharistiefeier (BA)<\/div><div class=\"event_location\">Kirche St. Martin Seuzach<\/div><\/a><\/div><div class=\"event_list_item\"><a href=\"https:\/\/www.martin-stefan.ch\/martin\/veranstaltung\/12255\/\"><div class=\"event_date_text\">Dienstag, 17. November 2026, 8.30 Uhr<\/div><div class=\"event_title\">Eucharistiefeier (BA)<\/div><div class=\"event_location\">Kirche St. Martin Seuzach<\/div><\/a><\/div><div class=\"event_list_item\"><a href=\"https:\/\/www.martin-stefan.ch\/martin\/veranstaltung\/12308\/\"><div class=\"event_date_text\">Dienstag, 17. November 2026, 9.00 Uhr<\/div><div class=\"event_title\">Rosenkranz<\/div><div class=\"event_location\">Kirche St. Martin Seuzach<\/div><\/a><\/div><div class=\"event_list_item\"><a href=\"https:\/\/www.martin-stefan.ch\/martin\/veranstaltung\/12147\/\"><div class=\"event_date_text\">Samstag, 21. November 2026, 18.00 Uhr<\/div><div class=\"event_title\">Familiengottesdienst - HGU Er\u00f6ffnung (BA)<\/div><div class=\"event_location\">Kirche St. Martin Seuzach<\/div><\/a><\/div><div class=\"event_list_item\"><a href=\"https:\/\/www.martin-stefan.ch\/martin\/veranstaltung\/12198\/\"><div class=\"event_date_text\">Sonntag, 22. November 2026, 10.00 Uhr<\/div><div class=\"event_title\">Eucharistiefeier (BA)<\/div><div class=\"event_location\">Kirche St. Martin Seuzach<\/div><\/a><\/div><\/div>","protected":false},"excerpt":{"rendered":"<p>Im Gottesdienst kommen wir zusammen, um uns mit allen Facetten unseres pers\u00f6nlichen [&hellip;]<\/p>\n","protected":false},"author":1,"featured_media":0,"parent":18,"menu_order":0,"comment_status":"closed","ping_status":"closed","template":"","meta":{"_genesis_hide_title":false,"_genesis_hide_breadcrumbs":false,"_genesis_hide_singular_image":false,"_genesis_hide_footer_widgets":false,"_genesis_custom_body_class":"","_genesis_custom_post_class":"","_genesis_layout":"","footnotes":""},"class_list":["post-73","page","type-page","status-publish","entry"],"publishpress_future_action":{"enabled":false,"date":"2026-09-11 06:46:57","action":"change-status","newStatus":"draft","terms":[],"taxonomy":"","extraData":[]},"publishpress_future_workflow_manual_trigger":{"enabledWorkflows":[]},"_links":{"self":[{"href":"https:\/\/www.martin-stefan.ch\/martin\/wp-json\/wp\/v2\/pages\/73","targetHints":{"allow":["GET"]}}],"collection":[{"href":"https:\/\/www.martin-stefan.ch\/martin\/wp-json\/wp\/v2\/pages"}],"about":[{"href":"https:\/\/www.martin-stefan.ch\/martin\/wp-json\/wp\/v2\/types\/page"}],"author":[{"embeddable":true,"href":"https:\/\/www.martin-stefan.ch\/martin\/wp-json\/wp\/v2\/users\/1"}],"replies":[{"embeddable":true,"href":"https:\/\/www.martin-stefan.ch\/martin\/wp-json\/wp\/v2\/comments?post=73"}],"version-history":[{"count":3,"href":"https:\/\/www.martin-stefan.ch\/martin\/wp-json\/wp\/v2\/pages\/73\/revisions"}],"predecessor-version":[{"id":6181,"href":"https:\/\/www.martin-stefan.ch\/martin\/wp-json\/wp\/v2\/pages\/73\/revisions\/6181"}],"up":[{"embeddable":true,"href":"https:\/\/www.martin-stefan.ch\/martin\/wp-json\/wp\/v2\/pages\/18"}],"wp:attachment":[{"href":"https:\/\/www.martin-stefan.ch\/martin\/wp-json\/wp\/v2\/media?parent=73"}],"curies":[{"name":"wp","href":"https:\/\/api.w.org\/{rel}","templated":true}]}}