{"id":92,"date":"2018-02-12T16:33:17","date_gmt":"2018-02-12T15:33:03","guid":{"rendered":"http:\/\/martins4.cyon.link\/stefan\/?page_id=92"},"modified":"2026-07-20T09:19:40","modified_gmt":"2026-07-20T07:19:40","slug":"jugendliche","status":"publish","type":"page","link":"https:\/\/www.martin-stefan.ch\/martin\/angebote\/jugendliche\/","title":{"rendered":"Jugendliche"},"content":{"rendered":"<p>Unsere vielf\u00e4ltigen Angebote begleiten junge Menschen auf ihrem Weg ins Erwachsenenleben. Sie schaffen Raum f\u00fcr Gemeinschaft, pers\u00f6nliche Entwicklung und die Entdeckung des Glaubens \u2013 offen, wertsch\u00e4tzend und lebensnah.<\/p>\n<p>&nbsp;<\/p>\n<p>&nbsp;<\/p>\n<br \/><div class=\"event_list_wrapper\"><h4>N\u00e4chste Daten<\/h4><div class=\"event_list_item\"><a href=\"https:\/\/www.martin-stefan.ch\/martin\/veranstaltung\/12188\/\"><div class=\"event_date_text\">Sonntag, 6. September 2026, 10.00 Uhr<\/div><div class=\"event_title\">Firmer\u00f6ffnungsgottesdienst (KC\/FA)<\/div><div class=\"event_location\">Kirche St. Martin Seuzach<\/div><\/a><\/div><div class=\"event_list_item\"><a href=\"https:\/\/www.martin-stefan.ch\/martin\/veranstaltung\/13370\/\"><div class=\"event_date_text\">Sonntag, 6. September 2026, 11.00 Uhr<\/div><div class=\"event_title\">Firmweg II: Brunch<\/div><div class=\"event_location\">Saal<\/div><\/a><\/div><div class=\"event_list_item\"><a href=\"https:\/\/www.martin-stefan.ch\/martin\/veranstaltung\/13177\/\"><div class=\"event_date_text\">Sonntag, 6. September 2026, 12.30 Uhr<\/div><div class=\"event_title\">Firmweg II: Plenumsanlass<\/div><div class=\"event_location\">Saal<\/div><\/a><\/div><div class=\"event_list_item\"><a href=\"https:\/\/www.martin-stefan.ch\/martin\/veranstaltung\/13163\/\"><div class=\"event_date_text\">Montag, 7. September 2026, 19.00 Uhr<\/div><div class=\"event_title\">Firmweg I: Gruppe I<\/div><div class=\"event_location\">Pfarreizentrum St. Stefan Wiesendangen<\/div><\/a><\/div><div class=\"event_list_item\"><a href=\"https:\/\/www.martin-stefan.ch\/martin\/veranstaltung\/13209\/\"><div class=\"event_date_text\">Mittwoch, 9. September 2026, 17.00 Uhr<\/div><div class=\"event_title\">1. Oberstufe mit Nachtessen<\/div><div class=\"event_location\">Saal<\/div><\/a><\/div><div class=\"event_list_item\"><a href=\"https:\/\/www.martin-stefan.ch\/martin\/veranstaltung\/13214\/\"><div class=\"event_date_text\">Montag, 14. September 2026, 17.00 Uhr<\/div><div class=\"event_title\">2. Oberstufe mit Nachtessen<\/div><div class=\"event_location\">Saal<\/div><\/a><\/div><div class=\"event_list_item\"><a href=\"https:\/\/www.martin-stefan.ch\/martin\/veranstaltung\/13168\/\"><div class=\"event_date_text\">Montag, 14. September 2026, 19.00 Uhr<\/div><div class=\"event_title\">Firmweg I: Gruppe II<\/div><div class=\"event_location\">Pfarreizentrum St. Stefan Wiesendangen<\/div><\/a><\/div><div class=\"event_list_item\"><a href=\"https:\/\/www.martin-stefan.ch\/martin\/veranstaltung\/12610\/\"><div class=\"event_date_text\">Freitag, 18. September 2026, 17.00 Uhr<\/div><div class=\"event_title\">Mini-Treff<\/div><div class=\"event_location\">Saal<\/div><\/a><\/div><div class=\"event_list_item\"><a href=\"https:\/\/www.martin-stefan.ch\/martin\/veranstaltung\/13219\/\"><div class=\"event_date_text\">Mittwoch, 23. September 2026, 17.00 Uhr<\/div><div class=\"event_title\">3. Oberstufe mit Nachtessen<\/div><div class=\"event_location\">Saal<\/div><\/a><\/div><div class=\"event_list_item\"><a href=\"https:\/\/www.martin-stefan.ch\/martin\/veranstaltung\/13199\/\"><div class=\"event_date_text\">Sonntag, 11. Oktober 2026, 7.07 Uhr<\/div><div class=\"event_title\">Pfarreilager<\/div><div class=\"event_location\">Tessin, Camperio<\/div><\/a><\/div><div class=\"event_list_item\"><a href=\"https:\/\/www.martin-stefan.ch\/martin\/veranstaltung\/13038\/\"><div class=\"event_date_text\">Sonntag, 25. Oktober 2026, 11.00 Uhr<\/div><div class=\"event_title\">Mini-Treff Familienbrunch<\/div><div class=\"event_location\">Saal<\/div><\/a><\/div><div class=\"event_list_item\"><a href=\"https:\/\/www.martin-stefan.ch\/martin\/veranstaltung\/13339\/\"><div class=\"event_date_text\">Samstag, 31. Oktober 2026, 9.30 Uhr<\/div><div class=\"event_title\">Osteuropahilfe Sammeltag<\/div><div class=\"event_location\">Saal<\/div><\/a><\/div><div class=\"event_list_item\"><a href=\"https:\/\/www.martin-stefan.ch\/martin\/veranstaltung\/13169\/\"><div class=\"event_date_text\">Dienstag, 17. November 2026, 19.00 Uhr<\/div><div class=\"event_title\">Firmweg I: Gruppe II<\/div><div class=\"event_location\">Saal<\/div><\/a><\/div><div class=\"event_list_item\"><a href=\"https:\/\/www.martin-stefan.ch\/martin\/veranstaltung\/13210\/\"><div class=\"event_date_text\">Mittwoch, 18. November 2026, 17.00 Uhr<\/div><div class=\"event_title\">1. Oberstufe mit Nachtessen<\/div><div class=\"event_location\">Pfarreizentrum St. Stefan Wiesendangen<\/div><\/a><\/div><div class=\"event_list_item\"><a href=\"https:\/\/www.martin-stefan.ch\/martin\/veranstaltung\/13164\/\"><div class=\"event_date_text\">Mittwoch, 18. November 2026, 19.00 Uhr<\/div><div class=\"event_title\">Firmweg I: Gruppe I<\/div><div class=\"event_location\">Saal<\/div><\/a><\/div><div class=\"event_list_item\"><a href=\"https:\/\/www.martin-stefan.ch\/martin\/veranstaltung\/13189\/\"><div class=\"event_date_text\">Samstag, 21. November 2026, 7.07 Uhr<\/div><div class=\"event_title\">Firmweg II: Firmweekend<\/div><div class=\"event_location\">Einsiedeln<\/div><\/a><\/div><div class=\"event_list_item\"><a href=\"https:\/\/www.martin-stefan.ch\/martin\/veranstaltung\/13221\/\"><div class=\"event_date_text\">Montag, 23. November 2026, 17.00 Uhr<\/div><div class=\"event_title\">3. Oberstufe mit Nachtessen<\/div><div class=\"event_location\">Pfarreizentrum St. Stefan Wiesendangen<\/div><\/a><\/div><div class=\"event_list_item\"><a href=\"https:\/\/www.martin-stefan.ch\/martin\/veranstaltung\/13211\/\"><div class=\"event_date_text\">Dienstag, 8. Dezember 2026, 6.00 Uhr<\/div><div class=\"event_title\">1. und 3. Oberstufe Rorate mit Zmorgen<\/div><div class=\"event_location\">Saal<\/div><\/a><\/div><div class=\"event_list_item\"><a href=\"https:\/\/www.martin-stefan.ch\/martin\/veranstaltung\/13222\/\"><div class=\"event_date_text\">Mittwoch, 9. Dezember 2026, 6.00 Uhr<\/div><div class=\"event_title\">3. und 1. Oberstufe Rorate mit Zmorgen<\/div><div class=\"event_location\">Pfarreizentrum St. Stefan Wiesendangen<\/div><\/a><\/div><div class=\"event_list_item\"><a href=\"https:\/\/www.martin-stefan.ch\/martin\/veranstaltung\/12611\/\"><div class=\"event_date_text\">Mittwoch, 9. Dezember 2026, 14.00 Uhr<\/div><div class=\"event_title\">Mini-Treff Guetzle<\/div><div class=\"event_location\">Saal<\/div><\/a><\/div><div class=\"event_list_item\"><a href=\"https:\/\/www.martin-stefan.ch\/martin\/veranstaltung\/13423\/\"><div class=\"event_date_text\">Samstag, 12. Dezember 2026, 16.00 Uhr<\/div><div class=\"event_title\">Eine Million Sterne mit Oberstufe<\/div><div class=\"event_location\">Vorplatz Kirche<\/div><\/a><\/div><div class=\"event_list_item\"><a href=\"https:\/\/www.martin-stefan.ch\/martin\/veranstaltung\/13190\/\"><div class=\"event_date_text\">Mittwoch, 13. Januar 2027, 19.00 Uhr<\/div><div class=\"event_title\">Firmweg II: Plenumsanlass<\/div><div class=\"event_location\">Pfarreizentrum St. Stefan Wiesendangen<\/div><\/a><\/div><div class=\"event_list_item\"><a href=\"https:\/\/www.martin-stefan.ch\/martin\/veranstaltung\/13371\/\"><div class=\"event_date_text\">Sonntag, 17. Januar 2027, 10.00 Uhr<\/div><div class=\"event_title\">Firmanmeldegottesdienst<\/div><div class=\"event_location\">Kirche St. Stefan<\/div><\/a><\/div><div class=\"event_list_item\"><a href=\"https:\/\/www.martin-stefan.ch\/martin\/veranstaltung\/13165\/\"><div class=\"event_date_text\">Dienstag, 19. Januar 2027, 19.00 Uhr<\/div><div class=\"event_title\">Firmweg I: Gruppe I<\/div><div class=\"event_location\">Pfarreizentrum St. Stefan Wiesendangen<\/div><\/a><\/div><div class=\"event_list_item\"><a href=\"https:\/\/www.martin-stefan.ch\/martin\/veranstaltung\/13170\/\"><div class=\"event_date_text\">Mittwoch, 20. Januar 2027, 19.00 Uhr<\/div><div class=\"event_title\">Firmweg I: Gruppe II<\/div><div class=\"event_location\">Pfarreizentrum St. Stefan Wiesendangen<\/div><\/a><\/div><div class=\"event_list_item\"><a href=\"https:\/\/www.martin-stefan.ch\/martin\/veranstaltung\/13931\/\"><div class=\"event_date_text\">Freitag, 22. Januar 2027, 15.30 Uhr<\/div><div class=\"event_title\">Mini Treff Kinonachmittag<\/div><div class=\"event_location\">Pfarreizentrum St. Stefan Wiesendangen<\/div><\/a><\/div><div class=\"event_list_item\"><a href=\"https:\/\/www.martin-stefan.ch\/martin\/veranstaltung\/13192\/\"><div class=\"event_date_text\">Samstag, 23. Januar 2027, 9.00 Uhr<\/div><div class=\"event_title\">Firmweg II: Firmmeeting<\/div><div class=\"event_location\">Bassersdorf<\/div><\/a><\/div><div class=\"event_list_item\"><a href=\"https:\/\/www.martin-stefan.ch\/martin\/veranstaltung\/13216\/\"><div class=\"event_date_text\">Samstag, 30. Januar 2027, 16.00 Uhr<\/div><div class=\"event_title\">2. Oberstufe Vorbereitung und Gottesdienst<\/div><div class=\"event_location\">Saal<\/div><\/a><\/div><div class=\"event_list_item\"><a href=\"https:\/\/www.martin-stefan.ch\/martin\/veranstaltung\/13622\/\"><div class=\"event_date_text\">Samstag, 30. Januar 2027, 18.00 Uhr<\/div><div class=\"event_title\">Wort-\/ Kommunionfeier (EJ) mit Oberstufe<\/div><div class=\"event_location\">Kirche St. Martin Seuzach<\/div><\/a><\/div><div class=\"event_list_item\"><a href=\"https:\/\/www.martin-stefan.ch\/martin\/veranstaltung\/13217\/\"><div class=\"event_date_text\">Samstag, 27. Februar 2027, 9.00 Uhr<\/div><div class=\"event_title\">2. Oberstufe Erlebnistag Pfusbus<\/div><div class=\"event_location\">Z\u00fcrich<\/div><\/a><\/div><div class=\"event_list_item\"><a href=\"https:\/\/www.martin-stefan.ch\/martin\/veranstaltung\/13218\/\"><div class=\"event_date_text\">Mittwoch, 10. M\u00e4rz 2027, 17.00 Uhr<\/div><div class=\"event_title\">2. Oberstufe mit Nachtessen<\/div><div class=\"event_location\">Pfarreizentrum St. Stefan Wiesendangen<\/div><\/a><\/div><div class=\"event_list_item\"><a href=\"https:\/\/www.martin-stefan.ch\/martin\/veranstaltung\/13224\/\"><div class=\"event_date_text\">Samstag, 13. M\u00e4rz 2027, 10.00 Uhr<\/div><div class=\"event_title\">3. Oberstufe Erlebnistag Paraplegiker Zentrum<\/div><div class=\"event_location\">Nottwil<\/div><\/a><\/div><div class=\"event_list_item\"><a href=\"https:\/\/www.martin-stefan.ch\/martin\/veranstaltung\/13213\/\"><div class=\"event_date_text\">Montag, 15. M\u00e4rz 2027, 17.00 Uhr<\/div><div class=\"event_title\">1. Oberstufe mit Nachtessen<\/div><div class=\"event_location\">Pfarreizentrum St. Stefan Wiesendangen<\/div><\/a><\/div><div class=\"event_list_item\"><a href=\"https:\/\/www.martin-stefan.ch\/martin\/veranstaltung\/13193\/\"><div class=\"event_date_text\">Montag, 15. M\u00e4rz 2027, 19.00 Uhr<\/div><div class=\"event_title\">Firmweg II: Plenumsanlass<\/div><div class=\"event_location\">Saal<\/div><\/a><\/div><div class=\"event_list_item\"><a href=\"https:\/\/www.martin-stefan.ch\/martin\/veranstaltung\/13171\/\"><div class=\"event_date_text\">Dienstag, 16. M\u00e4rz 2027, 19.00 Uhr<\/div><div class=\"event_title\">Firmweg I: Gruppe II<\/div><div class=\"event_location\">Saal<\/div><\/a><\/div><div class=\"event_list_item\"><a href=\"https:\/\/www.martin-stefan.ch\/martin\/veranstaltung\/13424\/\"><div class=\"event_date_text\">Samstag, 20. M\u00e4rz 2027, 9.30 Uhr<\/div><div class=\"event_title\">Palmbinden<\/div><div class=\"event_location\">Saal<\/div><\/a><\/div><div class=\"event_list_item\"><a href=\"https:\/\/www.martin-stefan.ch\/martin\/veranstaltung\/13166\/\"><div class=\"event_date_text\">Dienstag, 23. M\u00e4rz 2027, 19.00 Uhr<\/div><div class=\"event_title\">Firmweg I: Gruppe I<\/div><div class=\"event_location\">Saal<\/div><\/a><\/div><div class=\"event_list_item\"><a href=\"https:\/\/www.martin-stefan.ch\/martin\/veranstaltung\/13223\/\"><div class=\"event_date_text\">Mittwoch, 24. M\u00e4rz 2027, 17.00 Uhr<\/div><div class=\"event_title\">3. Oberstufe mit Nachtessen<\/div><div class=\"event_location\">Pfarreizentrum St. Stefan Wiesendangen<\/div><\/a><\/div><div class=\"event_list_item\"><a href=\"https:\/\/www.martin-stefan.ch\/martin\/veranstaltung\/13932\/\"><div class=\"event_date_text\">Mittwoch, 31. M\u00e4rz 2027, 13.30 Uhr<\/div><div class=\"event_title\">Mini Treff<\/div><div class=\"event_location\">Saal<\/div><\/a><\/div><div class=\"event_list_item\"><a href=\"https:\/\/www.martin-stefan.ch\/martin\/veranstaltung\/13340\/\"><div class=\"event_date_text\">Samstag, 3. April 2027, 8.00 Uhr<\/div><div class=\"event_title\">Osteuropahilfe Sammeltag<\/div><div class=\"event_location\">Saal<\/div><\/a><\/div><div class=\"event_list_item\"><a href=\"https:\/\/www.martin-stefan.ch\/martin\/veranstaltung\/13194\/\"><div class=\"event_date_text\">Mittwoch, 12. Mai 2027, 19.00 Uhr<\/div><div class=\"event_title\">Firmweg II: Plenumsanlass<\/div><div class=\"event_location\">Pfarreizentrum St. Stefan Wiesendangen<\/div><\/a><\/div><div class=\"event_list_item\"><a href=\"https:\/\/www.martin-stefan.ch\/martin\/veranstaltung\/13172\/\"><div class=\"event_date_text\">Mittwoch, 19. Mai 2027, 19.00 Uhr<\/div><div class=\"event_title\">Firmweg I: Gruppe II<\/div><div class=\"event_location\">Pfarreizentrum St. Stefan Wiesendangen<\/div><\/a><\/div><div class=\"event_list_item\"><a href=\"https:\/\/www.martin-stefan.ch\/martin\/veranstaltung\/13167\/\"><div class=\"event_date_text\">Donnerstag, 20. Mai 2027, 19.00 Uhr<\/div><div class=\"event_title\">Firmweg I: Gruppe I<\/div><div class=\"event_location\">Pfarreizentrum St. Stefan Wiesendangen<\/div><\/a><\/div><div class=\"event_list_item\"><a href=\"https:\/\/www.martin-stefan.ch\/martin\/veranstaltung\/13195\/\"><div class=\"event_date_text\">Mittwoch, 26. Mai 2027, 19.00 Uhr<\/div><div class=\"event_title\">Firmweg II: Treffen mit Firmspender<\/div><div class=\"event_location\">Saal<\/div><\/a><\/div><div class=\"event_list_item\"><a href=\"https:\/\/www.martin-stefan.ch\/martin\/veranstaltung\/13196\/\"><div class=\"event_date_text\">Dienstag, 8. Juni 2027, 19.00 Uhr<\/div><div class=\"event_title\">Firmweg II: Probe<\/div><div class=\"event_location\">Kirche St. Martin Seuzach<\/div><\/a><\/div><div class=\"event_list_item\"><a href=\"https:\/\/www.martin-stefan.ch\/martin\/veranstaltung\/13197\/\"><div class=\"event_date_text\">Donnerstag, 10. Juni 2027, 19.00 Uhr<\/div><div class=\"event_title\">Firmweg II: Deko<\/div><div class=\"event_location\">Saal<\/div><\/a><\/div><div class=\"event_list_item\"><a href=\"https:\/\/www.martin-stefan.ch\/martin\/veranstaltung\/13198\/\"><div class=\"event_date_text\">Freitag, 11. Juni 2027, 18.30 Uhr<\/div><div class=\"event_title\">Firmweg II: Firmznacht \/ Generalprobe<\/div><div class=\"event_location\">Saal<\/div><\/a><\/div><div class=\"event_list_item\"><a href=\"https:\/\/www.martin-stefan.ch\/martin\/veranstaltung\/13641\/\"><div class=\"event_date_text\">Samstag, 12. Juni 2027, 16.00 Uhr<\/div><div class=\"event_title\">Firmung mit Dr. Jochen Folz<\/div><div class=\"event_location\">Kirche St. Martin Seuzach<\/div><\/a><\/div><div class=\"event_list_item\"><a href=\"https:\/\/www.martin-stefan.ch\/martin\/veranstaltung\/13212\/\"><div class=\"event_date_text\">Samstag, 19. Juni 2027, 9.00 Uhr<\/div><div class=\"event_title\">1. Oberstufe Erlebnistag Steinzeit<\/div><div class=\"event_location\">Thayngen<\/div><\/a><\/div><div class=\"event_list_item\"><a href=\"https:\/\/www.martin-stefan.ch\/martin\/veranstaltung\/13175\/\"><div class=\"event_date_text\">Donnerstag, 24. Juni 2027, 18.00 Uhr<\/div><div class=\"event_title\">Firmweg I: Abschlussabend<\/div><div class=\"event_location\">noch nicht bekannt<\/div><\/a><\/div><\/div>","protected":false},"excerpt":{"rendered":"<p>Unsere vielf\u00e4ltigen Angebote begleiten junge Menschen auf ihrem Weg ins Erwachsenenleben. Sie [&hellip;]<\/p>\n","protected":false},"author":1,"featured_media":0,"parent":18,"menu_order":4,"comment_status":"closed","ping_status":"closed","template":"","meta":{"_genesis_hide_title":false,"_genesis_hide_breadcrumbs":false,"_genesis_hide_singular_image":false,"_genesis_hide_footer_widgets":false,"_genesis_custom_body_class":"","_genesis_custom_post_class":"","_genesis_layout":"","footnotes":""},"class_list":["post-92","page","type-page","status-publish","entry"],"publishpress_future_action":{"enabled":false,"date":"2026-09-09 08:24:02","action":"change-status","newStatus":"draft","terms":[],"taxonomy":"","extraData":[]},"publishpress_future_workflow_manual_trigger":{"enabledWorkflows":[]},"_links":{"self":[{"href":"https:\/\/www.martin-stefan.ch\/martin\/wp-json\/wp\/v2\/pages\/92","targetHints":{"allow":["GET"]}}],"collection":[{"href":"https:\/\/www.martin-stefan.ch\/martin\/wp-json\/wp\/v2\/pages"}],"about":[{"href":"https:\/\/www.martin-stefan.ch\/martin\/wp-json\/wp\/v2\/types\/page"}],"author":[{"embeddable":true,"href":"https:\/\/www.martin-stefan.ch\/martin\/wp-json\/wp\/v2\/users\/1"}],"replies":[{"embeddable":true,"href":"https:\/\/www.martin-stefan.ch\/martin\/wp-json\/wp\/v2\/comments?post=92"}],"version-history":[{"count":6,"href":"https:\/\/www.martin-stefan.ch\/martin\/wp-json\/wp\/v2\/pages\/92\/revisions"}],"predecessor-version":[{"id":6593,"href":"https:\/\/www.martin-stefan.ch\/martin\/wp-json\/wp\/v2\/pages\/92\/revisions\/6593"}],"up":[{"embeddable":true,"href":"https:\/\/www.martin-stefan.ch\/martin\/wp-json\/wp\/v2\/pages\/18"}],"wp:attachment":[{"href":"https:\/\/www.martin-stefan.ch\/martin\/wp-json\/wp\/v2\/media?parent=92"}],"curies":[{"name":"wp","href":"https:\/\/api.w.org\/{rel}","templated":true}]}}