{"id":96,"date":"2018-02-12T16:33:41","date_gmt":"2018-02-12T15:33:41","guid":{"rendered":"http:\/\/martins4.cyon.link\/stefan\/?page_id=96"},"modified":"2019-10-14T11:40:37","modified_gmt":"2019-10-14T09:40:37","slug":"oekumene","status":"publish","type":"page","link":"https:\/\/www.martin-stefan.ch\/martin\/angebote\/oekumene\/","title":{"rendered":"\u00d6kumene"},"content":{"rendered":"<div id=\"c253\" class=\"csc-default\"><\/div>\n<div id=\"c655\" class=\"csc-default\">\n<p style=\"margin: 0cm 0cm 10.8pt 0cm\">\u00d6kumenische Gottesdienste und Anl\u00e4sse pr\u00e4gen die Zusammenarbeit der reformierten und katholischen Kirchen. Ohne \u00d6kumene ist das kirchliche Leben im Kanton Z\u00fcrich fast nicht mehr denkbar. Auf gut christliche Art arbeiten wir zusammen, wo es sinnvoll und m\u00f6glich ist.<\/p>\n<p style=\"margin: 0cm 0cm 10.8pt 0cm\">In den D\u00f6rfern und Orten unserer Pfarrei haben wir ein vielf\u00e4ltiges Angebot an \u00f6kumenischen Gottesdiensten und auch viele von unserer Pfarrei und der ortsans\u00e4ssigen reformierten Kirchgemeinde miteinander getragene Anl\u00e4sse.<\/p>\n<p>&nbsp;<\/p>\n<\/div>\n<br \/><div class=\"event_list_wrapper\"><h4>N\u00e4chste Daten<\/h4><div class=\"event_list_item\"><a href=\"https:\/\/www.martin-stefan.ch\/martin\/veranstaltung\/12537\/\"><div class=\"event_date_text\">Dienstag, 15. September 2026, 14.00 Uhr<\/div><div class=\"event_title\">Kafitr\u00e4ff<\/div><div class=\"event_location\">Saal<\/div><\/a><\/div><div class=\"event_list_item\"><a href=\"https:\/\/www.martin-stefan.ch\/martin\/veranstaltung\/12189\/\"><div class=\"event_date_text\">Sonntag, 20. September 2026, 10.00 Uhr<\/div><div class=\"event_title\">\u00d6kum. Gottesdienst zum Bettag (KC)<\/div><div class=\"event_location\">ref. Kirche Hettlingen<\/div><\/a><\/div><div class=\"event_list_item\"><a href=\"https:\/\/www.martin-stefan.ch\/martin\/veranstaltung\/13481\/\"><div class=\"event_date_text\">Dienstag, 22. September 2026, 14.00 Uhr<\/div><div class=\"event_title\">Singfonie und Geist auf dem Kirchplatz<\/div><div class=\"event_location\">Kirchplatz<\/div><\/a><\/div><div class=\"event_list_item\"><a href=\"https:\/\/www.martin-stefan.ch\/martin\/veranstaltung\/13124\/\"><div class=\"event_date_text\">Donnerstag, 24. September 2026, 9.00 Uhr<\/div><div class=\"event_title\">Seuzemer Frauezmorge<\/div><div class=\"event_location\">Zentrum Oberwis Seuzach<\/div><\/a><\/div><div class=\"event_list_item\"><a href=\"https:\/\/www.martin-stefan.ch\/martin\/veranstaltung\/12556\/\"><div class=\"event_date_text\">Samstag, 26. September 2026, 10.00 Uhr<\/div><div class=\"event_title\">Fiire mit de Chliine<\/div><div class=\"event_location\">Kirche St. Martin Seuzach<\/div><\/a><\/div><div class=\"event_list_item\"><a href=\"https:\/\/www.martin-stefan.ch\/martin\/veranstaltung\/13432\/\"><div class=\"event_date_text\">Donnerstag, 1. Oktober 2026, 12.00 Uhr<\/div><div class=\"event_title\">\u00d6kum. Mittagstisch f\u00fcr Senior:innen in Hettlingen<\/div><div class=\"event_location\">ref. Pfarreisch\u00fc\u00fcr Hettlingen<\/div><\/a><\/div><div class=\"event_list_item\"><a href=\"https:\/\/www.martin-stefan.ch\/martin\/veranstaltung\/13079\/\"><div class=\"event_date_text\">Dienstag, 6. Oktober 2026, 12.00 Uhr<\/div><div class=\"event_title\">Z\u00e4me \u00c4sse - \u00f6kumenischer Mittagstisch<\/div><div class=\"event_location\">Pfarreizentrum St. Martin Seuzach, K\u00fcche<\/div><\/a><\/div><div class=\"event_list_item\"><a href=\"https:\/\/www.martin-stefan.ch\/martin\/veranstaltung\/12538\/\"><div class=\"event_date_text\">Dienstag, 13. Oktober 2026, 14.00 Uhr<\/div><div class=\"event_title\">Kafitr\u00e4ff mit Lotto<\/div><div class=\"event_location\">Saal<\/div><\/a><\/div><div class=\"event_list_item\"><a href=\"https:\/\/www.martin-stefan.ch\/martin\/veranstaltung\/13125\/\"><div class=\"event_date_text\">Donnerstag, 29. Oktober 2026, 9.00 Uhr<\/div><div class=\"event_title\">Seuzemer Frauezmorge<\/div><div class=\"event_location\">Zentrum Oberwis Seuzach<\/div><\/a><\/div><div class=\"event_list_item\"><a href=\"https:\/\/www.martin-stefan.ch\/martin\/veranstaltung\/13080\/\"><div class=\"event_date_text\">Dienstag, 3. November 2026, 12.00 Uhr<\/div><div class=\"event_title\">Z\u00e4me \u00c4sse - \u00f6kumenischer Mittagstisch<\/div><div class=\"event_location\">Pfarreizentrum St. Martin Seuzach, K\u00fcche<\/div><\/a><\/div><div class=\"event_list_item\"><a href=\"https:\/\/www.martin-stefan.ch\/martin\/veranstaltung\/13433\/\"><div class=\"event_date_text\">Donnerstag, 5. November 2026, 12.00 Uhr<\/div><div class=\"event_title\">\u00d6kum. Mittagstisch f\u00fcr Senior:innen in Hettlingen<\/div><div class=\"event_location\">ref. Pfarreisch\u00fc\u00fcr Hettlingen<\/div><\/a><\/div><div class=\"event_list_item\"><a href=\"https:\/\/www.martin-stefan.ch\/martin\/veranstaltung\/12557\/\"><div class=\"event_date_text\">Samstag, 7. November 2026, 10.00 Uhr<\/div><div class=\"event_title\">Fiire mit de Chliine<\/div><div class=\"event_location\">ref. Kirche Seuzach<\/div><\/a><\/div><div class=\"event_list_item\"><a href=\"https:\/\/www.martin-stefan.ch\/martin\/veranstaltung\/12539\/\"><div class=\"event_date_text\">Dienstag, 17. November 2026, 14.00 Uhr<\/div><div class=\"event_title\">Kafitr\u00e4ff<\/div><div class=\"event_location\">Saal<\/div><\/a><\/div><div class=\"event_list_item\"><a href=\"https:\/\/www.martin-stefan.ch\/martin\/veranstaltung\/12209\/\"><div class=\"event_date_text\">Sonntag, 22. November 2026, 14.30 Uhr<\/div><div class=\"event_title\">\u00d6kum. Totengedenken (BA\/RM)<\/div><div class=\"event_location\">Friedhof Seuzach<\/div><\/a><\/div><div class=\"event_list_item\"><a href=\"https:\/\/www.martin-stefan.ch\/martin\/veranstaltung\/13126\/\"><div class=\"event_date_text\">Donnerstag, 26. November 2026, 9.00 Uhr<\/div><div class=\"event_title\">Seuzemer Frauezmorge<\/div><div class=\"event_location\">Zentrum Oberwis Seuzach<\/div><\/a><\/div><div class=\"event_list_item\"><a href=\"https:\/\/www.martin-stefan.ch\/martin\/veranstaltung\/13081\/\"><div class=\"event_date_text\">Dienstag, 1. Dezember 2026, 12.00 Uhr<\/div><div class=\"event_title\">Z\u00e4me \u00c4sse - \u00f6kumenischer Mittagstisch<\/div><div class=\"event_location\">Pfarreizentrum St. Martin Seuzach, K\u00fcche<\/div><\/a><\/div><div class=\"event_list_item\"><a href=\"https:\/\/www.martin-stefan.ch\/martin\/veranstaltung\/13434\/\"><div class=\"event_date_text\">Donnerstag, 3. Dezember 2026, 12.00 Uhr<\/div><div class=\"event_title\">\u00d6kum. Mittagstisch f\u00fcr Senior:innen in Hettlingen<\/div><div class=\"event_location\">ref. Pfarreisch\u00fc\u00fcr Hettlingen<\/div><\/a><\/div><div class=\"event_list_item\"><a href=\"https:\/\/www.martin-stefan.ch\/martin\/veranstaltung\/12558\/\"><div class=\"event_date_text\">Samstag, 5. Dezember 2026, 10.00 Uhr<\/div><div class=\"event_title\">Fiire mit de Chliine<\/div><div class=\"event_location\">Kirche St. Martin Seuzach<\/div><\/a><\/div><div class=\"event_list_item\"><a href=\"https:\/\/www.martin-stefan.ch\/martin\/veranstaltung\/12540\/\"><div class=\"event_date_text\">Dienstag, 8. Dezember 2026, 14.00 Uhr<\/div><div class=\"event_title\">Kafitr\u00e4ff<\/div><div class=\"event_location\">Saal<\/div><\/a><\/div><div class=\"event_list_item\"><a href=\"https:\/\/www.martin-stefan.ch\/martin\/veranstaltung\/12508\/\"><div class=\"event_date_text\">Donnerstag, 31. Dezember 2026, 18.00 Uhr<\/div><div class=\"event_title\">\u00d6kum. Silvestergottesdienst (EJ)<\/div><div class=\"event_location\">ref. Kirche Seuzach<\/div><\/a><\/div><div class=\"event_list_item\"><a href=\"https:\/\/www.martin-stefan.ch\/martin\/veranstaltung\/13082\/\"><div class=\"event_date_text\">Dienstag, 5. Januar 2027, 12.00 Uhr<\/div><div class=\"event_title\">Z\u00e4me \u00c4sse - \u00f6kumenischer Mittagstisch<\/div><div class=\"event_location\">Pfarreizentrum St. Martin Seuzach, K\u00fcche<\/div><\/a><\/div><div class=\"event_list_item\"><a href=\"https:\/\/www.martin-stefan.ch\/martin\/veranstaltung\/13777\/\"><div class=\"event_date_text\">Sonntag, 10. Januar 2027, 10.00 Uhr<\/div><div class=\"event_title\">\u00d6kum. Neujahrsgottesdienst (KC)<\/div><div class=\"event_location\">Kirche St. Martin Seuzach<\/div><\/a><\/div><div class=\"event_list_item\"><a href=\"https:\/\/www.martin-stefan.ch\/martin\/veranstaltung\/14012\/\"><div class=\"event_date_text\">Dienstag, 12. Januar 2027, 14.00 Uhr<\/div><div class=\"event_title\">Kafitr\u00e4ff<\/div><div class=\"event_location\">Saal<\/div><\/a><\/div><div class=\"event_list_item\"><a href=\"https:\/\/www.martin-stefan.ch\/martin\/veranstaltung\/13414\/\"><div class=\"event_date_text\">Dienstag, 12. Januar 2027, 19.30 Uhr<\/div><div class=\"event_title\">Kultur im Januar<\/div><div class=\"event_location\">Saal<\/div><\/a><\/div><div class=\"event_list_item\"><a href=\"https:\/\/www.martin-stefan.ch\/martin\/veranstaltung\/13778\/\"><div class=\"event_date_text\">Sonntag, 17. Januar 2027, 10.00 Uhr<\/div><div class=\"event_title\">\u00d6kum. Gottesdienst (EJ)<\/div><div class=\"event_location\">Kirche D\u00e4gerlen<\/div><\/a><\/div><div class=\"event_list_item\"><a href=\"https:\/\/www.martin-stefan.ch\/martin\/veranstaltung\/13415\/\"><div class=\"event_date_text\">Dienstag, 19. Januar 2027, 19.30 Uhr<\/div><div class=\"event_title\">Kultur im Januar<\/div><div class=\"event_location\">Saal<\/div><\/a><\/div><div class=\"event_list_item\"><a href=\"https:\/\/www.martin-stefan.ch\/martin\/veranstaltung\/13416\/\"><div class=\"event_date_text\">Dienstag, 26. Januar 2027, 19.30 Uhr<\/div><div class=\"event_title\">Kultur im Januar<\/div><div class=\"event_location\">Saal<\/div><\/a><\/div><div class=\"event_list_item\"><a href=\"https:\/\/www.martin-stefan.ch\/martin\/veranstaltung\/13941\/\"><div class=\"event_date_text\">Dienstag, 2. Februar 2027, 12.00 Uhr<\/div><div class=\"event_title\">Z\u00e4me \u00c4sse - \u00f6kumenischer Mittagstisch<\/div><div class=\"event_location\">Pfarreizentrum St. Martin Seuzach, K\u00fcche<\/div><\/a><\/div><div class=\"event_list_item\"><a href=\"https:\/\/www.martin-stefan.ch\/martin\/veranstaltung\/13417\/\"><div class=\"event_date_text\">Dienstag, 2. Februar 2027, 19.30 Uhr<\/div><div class=\"event_title\">Kultur im Januar<\/div><div class=\"event_location\">Saal<\/div><\/a><\/div><div class=\"event_list_item\"><a href=\"https:\/\/www.martin-stefan.ch\/martin\/veranstaltung\/14013\/\"><div class=\"event_date_text\">Dienstag, 16. Februar 2027, 14.00 Uhr<\/div><div class=\"event_title\">Kafitr\u00e4ff<\/div><div class=\"event_location\">Saal<\/div><\/a><\/div><div class=\"event_list_item\"><a href=\"https:\/\/www.martin-stefan.ch\/martin\/veranstaltung\/13942\/\"><div class=\"event_date_text\">Dienstag, 2. M\u00e4rz 2027, 12.00 Uhr<\/div><div class=\"event_title\">Z\u00e4me \u00c4sse - \u00f6kumenischer Mittagstisch<\/div><div class=\"event_location\">Pfarreizentrum St. Martin Seuzach, K\u00fcche<\/div><\/a><\/div><div class=\"event_list_item\"><a href=\"https:\/\/www.martin-stefan.ch\/martin\/veranstaltung\/13266\/\"><div class=\"event_date_text\">Mittwoch, 3. M\u00e4rz 2027, 19.00 Uhr<\/div><div class=\"event_title\">\"mitenand\" unterwegs<\/div><div class=\"event_location\">Saal<\/div><\/a><\/div><div class=\"event_list_item\"><a href=\"https:\/\/www.martin-stefan.ch\/martin\/veranstaltung\/13267\/\"><div class=\"event_date_text\">Mittwoch, 10. M\u00e4rz 2027, 19.00 Uhr<\/div><div class=\"event_title\">\"mitenand\" unterwegs<\/div><div class=\"event_location\">Saal<\/div><\/a><\/div><div class=\"event_list_item\"><a href=\"https:\/\/www.martin-stefan.ch\/martin\/veranstaltung\/13470\/\"><div class=\"event_date_text\">Samstag, 13. M\u00e4rz 2027, 9.30 Uhr<\/div><div class=\"event_title\">Rosenaktion: Recht auf Nahrung<\/div><div class=\"event_location\">Coop, Volg und Post Seuzach<\/div><\/a><\/div><div class=\"event_list_item\"><a href=\"https:\/\/www.martin-stefan.ch\/martin\/veranstaltung\/13786\/\"><div class=\"event_date_text\">Sonntag, 14. M\u00e4rz 2027, 10.30 Uhr<\/div><div class=\"event_title\">\u00d6kum. Suppentag (KC)<\/div><div class=\"event_location\">Kirche St. Martin Seuzach<\/div><\/a><\/div><div class=\"event_list_item\"><a href=\"https:\/\/www.martin-stefan.ch\/martin\/veranstaltung\/14001\/\"><div class=\"event_date_text\">Sonntag, 14. M\u00e4rz 2027, 11.30 Uhr<\/div><div class=\"event_title\">Suppentag<\/div><div class=\"event_location\">Saal<\/div><\/a><\/div><div class=\"event_list_item\"><a href=\"https:\/\/www.martin-stefan.ch\/martin\/veranstaltung\/14014\/\"><div class=\"event_date_text\">Dienstag, 16. M\u00e4rz 2027, 14.00 Uhr<\/div><div class=\"event_title\">Kafitr\u00e4ff<\/div><div class=\"event_location\">Saal<\/div><\/a><\/div><div class=\"event_list_item\"><a href=\"https:\/\/www.martin-stefan.ch\/martin\/veranstaltung\/13268\/\"><div class=\"event_date_text\">Mittwoch, 17. M\u00e4rz 2027, 19.00 Uhr<\/div><div class=\"event_title\">\"mitenand\" unterwegs<\/div><div class=\"event_location\">Saal<\/div><\/a><\/div><div class=\"event_list_item\"><a href=\"https:\/\/www.martin-stefan.ch\/martin\/veranstaltung\/13943\/\"><div class=\"event_date_text\">Dienstag, 6. April 2027, 12.00 Uhr<\/div><div class=\"event_title\">Z\u00e4me \u00c4sse - \u00f6kumenischer Mittagstisch<\/div><div class=\"event_location\">Pfarreizentrum St. Martin Seuzach, K\u00fcche<\/div><\/a><\/div><div class=\"event_list_item\"><a href=\"https:\/\/www.martin-stefan.ch\/martin\/veranstaltung\/14015\/\"><div class=\"event_date_text\">Dienstag, 13. April 2027, 14.00 Uhr<\/div><div class=\"event_title\">Kafitr\u00e4ff<\/div><div class=\"event_location\">Saal<\/div><\/a><\/div><div class=\"event_list_item\"><a href=\"https:\/\/www.martin-stefan.ch\/martin\/veranstaltung\/13944\/\"><div class=\"event_date_text\">Dienstag, 4. Mai 2027, 12.00 Uhr<\/div><div class=\"event_title\">Z\u00e4me \u00c4sse - \u00f6kumenischer Mittagstisch<\/div><div class=\"event_location\">Pfarreizentrum St. Martin Seuzach, K\u00fcche<\/div><\/a><\/div><div class=\"event_list_item\"><a href=\"https:\/\/www.martin-stefan.ch\/martin\/veranstaltung\/13839\/\"><div class=\"event_date_text\">Donnerstag, 6. Mai 2027, 10.30 Uhr<\/div><div class=\"event_title\">\u00d6kum. Auffahrtsgottesdienst (KC)<\/div><div class=\"event_location\">Kirche D\u00e4gerlen<\/div><\/a><\/div><div class=\"event_list_item\"><a href=\"https:\/\/www.martin-stefan.ch\/martin\/veranstaltung\/13794\/\"><div class=\"event_date_text\">Sonntag, 9. Mai 2027, 10.00 Uhr<\/div><div class=\"event_title\">\u00d6kum. Gottesdienst zum Abschluss der Kinderwoche<\/div><div class=\"event_location\">Kirche St. Martin Seuzach<\/div><\/a><\/div><div class=\"event_list_item\"><a href=\"https:\/\/www.martin-stefan.ch\/martin\/veranstaltung\/13998\/\"><div class=\"event_date_text\">Sonntag, 9. Mai 2027, 11.00 Uhr<\/div><div class=\"event_title\">Ap\u00e8ro Kinderwoche<\/div><div class=\"event_location\">Saal<\/div><\/a><\/div><div class=\"event_list_item\"><a href=\"https:\/\/www.martin-stefan.ch\/martin\/veranstaltung\/14016\/\"><div class=\"event_date_text\">Dienstag, 11. Mai 2027, 14.00 Uhr<\/div><div class=\"event_title\">Kafitr\u00e4ff<\/div><div class=\"event_location\">Saal<\/div><\/a><\/div><div class=\"event_list_item\"><a href=\"https:\/\/www.martin-stefan.ch\/martin\/veranstaltung\/13945\/\"><div class=\"event_date_text\">Dienstag, 1. Juni 2027, 12.00 Uhr<\/div><div class=\"event_title\">Z\u00e4me \u00c4sse - \u00f6kumenischer Mittagstisch<\/div><div class=\"event_location\">Pfarreizentrum St. Martin Seuzach, K\u00fcche<\/div><\/a><\/div><div class=\"event_list_item\"><a href=\"https:\/\/www.martin-stefan.ch\/martin\/veranstaltung\/14017\/\"><div class=\"event_date_text\">Dienstag, 8. Juni 2027, 14.00 Uhr<\/div><div class=\"event_title\">Kafitr\u00e4ff<\/div><div class=\"event_location\">Saal<\/div><\/a><\/div><div class=\"event_list_item\"><a href=\"https:\/\/www.martin-stefan.ch\/martin\/veranstaltung\/13946\/\"><div class=\"event_date_text\">Dienstag, 6. Juli 2027, 12.00 Uhr<\/div><div class=\"event_title\">Z\u00e4me \u00c4sse - \u00f6kumenischer Mittagstisch<\/div><div class=\"event_location\">Pfarreizentrum St. Martin Seuzach, K\u00fcche<\/div><\/a><\/div><div class=\"event_list_item\"><a href=\"https:\/\/www.martin-stefan.ch\/martin\/veranstaltung\/14018\/\"><div class=\"event_date_text\">Dienstag, 13. Juli 2027, 14.00 Uhr<\/div><div class=\"event_title\">Kafitr\u00e4ff<\/div><div class=\"event_location\">Saal<\/div><\/a><\/div><div class=\"event_list_item\"><a href=\"https:\/\/www.martin-stefan.ch\/martin\/veranstaltung\/14019\/\"><div class=\"event_date_text\">Dienstag, 10. August 2027, 14.00 Uhr<\/div><div class=\"event_title\">Kafitr\u00e4ff<\/div><div class=\"event_location\">Saal<\/div><\/a><\/div><\/div>","protected":false},"excerpt":{"rendered":"<p>\u00d6kumenische Gottesdienste und Anl\u00e4sse pr\u00e4gen die Zusammenarbeit der reformierten und katholischen Kirchen. [&hellip;]<\/p>\n","protected":false},"author":1,"featured_media":0,"parent":18,"menu_order":7,"comment_status":"closed","ping_status":"closed","template":"","meta":{"_genesis_hide_title":false,"_genesis_hide_breadcrumbs":false,"_genesis_hide_singular_image":false,"_genesis_hide_footer_widgets":false,"_genesis_custom_body_class":"","_genesis_custom_post_class":"","_genesis_layout":"","footnotes":""},"class_list":["post-96","page","type-page","status-publish","entry"],"publishpress_future_action":{"enabled":false,"date":"2026-09-12 07:25:35","action":"change-status","newStatus":"draft","terms":[],"taxonomy":"","extraData":[]},"publishpress_future_workflow_manual_trigger":{"enabledWorkflows":[]},"_links":{"self":[{"href":"https:\/\/www.martin-stefan.ch\/martin\/wp-json\/wp\/v2\/pages\/96","targetHints":{"allow":["GET"]}}],"collection":[{"href":"https:\/\/www.martin-stefan.ch\/martin\/wp-json\/wp\/v2\/pages"}],"about":[{"href":"https:\/\/www.martin-stefan.ch\/martin\/wp-json\/wp\/v2\/types\/page"}],"author":[{"embeddable":true,"href":"https:\/\/www.martin-stefan.ch\/martin\/wp-json\/wp\/v2\/users\/1"}],"replies":[{"embeddable":true,"href":"https:\/\/www.martin-stefan.ch\/martin\/wp-json\/wp\/v2\/comments?post=96"}],"version-history":[{"count":7,"href":"https:\/\/www.martin-stefan.ch\/martin\/wp-json\/wp\/v2\/pages\/96\/revisions"}],"predecessor-version":[{"id":1138,"href":"https:\/\/www.martin-stefan.ch\/martin\/wp-json\/wp\/v2\/pages\/96\/revisions\/1138"}],"up":[{"embeddable":true,"href":"https:\/\/www.martin-stefan.ch\/martin\/wp-json\/wp\/v2\/pages\/18"}],"wp:attachment":[{"href":"https:\/\/www.martin-stefan.ch\/martin\/wp-json\/wp\/v2\/media?parent=96"}],"curies":[{"name":"wp","href":"https:\/\/api.w.org\/{rel}","templated":true}]}}