{"id":158,"date":"2018-02-12T16:48:05","date_gmt":"2018-02-12T15:48:05","guid":{"rendered":"http:\/\/martins4.cyon.link\/stefan\/?page_id=158"},"modified":"2026-04-30T12:13:12","modified_gmt":"2026-04-30T10:13:12","slug":"senioren","status":"publish","type":"page","link":"https:\/\/www.martin-stefan.ch\/stefan\/angebote\/senioren\/","title":{"rendered":"Senioren"},"content":{"rendered":"<p>In unserer Pfarrei gibt es vielf\u00e4ltige M\u00f6glichkeiten, sich mit anderen Seniorinnen und Senioren bei unterschiedlichen Gelegenheiten zu treffen, sei es bei Andachten, Nachmittagen, Mittagstischen, Wanderungen, Reisen usw.<\/p>\n<p>Die meisten Angebote werden vor Ort, d.h. in den Gemeinden Ellikon, Elsau, Rickenbach und Wiesendangen, zusammen mit der entsprechenden ref. Kirchgemeinde, durchgef\u00fchrt. H\u00e4ufig sind die Gemeinden sowie die Pro Senectute weitere Tr\u00e4ger der Veranstaltungen.<\/p>\n<p>&nbsp;<\/p>\n<br \/><div class=\"event_list_wrapper\"><h4>N\u00e4chste Daten<\/h4><div class=\"event_list_item\"><a href=\"https:\/\/www.martin-stefan.ch\/stefan\/veranstaltung\/11977\/\"><div class=\"event_date_text\">Montag, 4. Mai 2026, 14.30 Uhr<\/div><div class=\"event_title\">\u00f6kum. Andacht Wiesental<\/div><div class=\"event_location\">Zentrum Wiesental, Wiesendangen<\/div><\/a><\/div><div class=\"event_list_item\"><a href=\"https:\/\/www.martin-stefan.ch\/stefan\/veranstaltung\/11846\/\"><div class=\"event_date_text\">Dienstag, 5. Mai 2026, 11.30 Uhr<\/div><div class=\"event_title\">Seniorenmittagstisch<\/div><div class=\"event_location\">Rest. Sunnezirkel, Sulz<\/div><\/a><\/div><div class=\"event_list_item\"><a href=\"https:\/\/www.martin-stefan.ch\/stefan\/veranstaltung\/12120\/\"><div class=\"event_date_text\">Mittwoch, 6. Mai 2026, 9.30 Uhr<\/div><div class=\"event_title\">Seniorenausflug Rickenbach<\/div><div class=\"event_location\">Treffpunkte gem\u00e4ss Flyer<\/div><\/a><\/div><div class=\"event_list_item\"><a href=\"https:\/\/www.martin-stefan.ch\/stefan\/veranstaltung\/11825\/\"><div class=\"event_date_text\">Freitag, 8. Mai 2026, 10.00 Uhr<\/div><div class=\"event_title\">\u00f6kum. Seniorenandacht<\/div><div class=\"event_location\">St. Josef Sulz, Kirche<\/div><\/a><\/div><div class=\"event_list_item\"><a href=\"https:\/\/www.martin-stefan.ch\/stefan\/veranstaltung\/11978\/\"><div class=\"event_date_text\">Montag, 18. Mai 2026, 14.30 Uhr<\/div><div class=\"event_title\">\u00f6kum. Andacht Wiesental<\/div><div class=\"event_location\">Zentrum Wiesental, Wiesendangen<\/div><\/a><\/div><div class=\"event_list_item\"><a href=\"https:\/\/www.martin-stefan.ch\/stefan\/veranstaltung\/11868\/\"><div class=\"event_date_text\">Donnerstag, 21. Mai 2026, 9.30 Uhr<\/div><div class=\"event_title\">Senioren-Wanderung<\/div><div class=\"event_location\">Treffpunkt: Bahnhof Rickenbach-Attikon<\/div><\/a><\/div><div class=\"event_list_item\"><a href=\"https:\/\/www.martin-stefan.ch\/stefan\/veranstaltung\/11621\/\"><div class=\"event_date_text\">Mittwoch, 27. Mai 2026, 11.45 Uhr<\/div><div class=\"event_title\">Senioren-Mittagstisch<\/div><div class=\"event_location\">ref. Kirchgemeindehaus Elsau<\/div><\/a><\/div><div class=\"event_list_item\"><a href=\"https:\/\/www.martin-stefan.ch\/stefan\/veranstaltung\/11858\/\"><div class=\"event_date_text\">Donnerstag, 28. Mai 2026, 14.00 Uhr<\/div><div class=\"event_title\">Jass- und Spielnachmittag<\/div><div class=\"event_location\">ref. Kirchgemeindehaus Rickenbach<\/div><\/a><\/div><div class=\"event_list_item\"><a href=\"https:\/\/www.martin-stefan.ch\/stefan\/veranstaltung\/11979\/\"><div class=\"event_date_text\">Montag, 1. Juni 2026, 14.30 Uhr<\/div><div class=\"event_title\">\u00f6kum. Andacht Wiesental<\/div><div class=\"event_location\">Zentrum Wiesental, Wiesendangen<\/div><\/a><\/div><div class=\"event_list_item\"><a href=\"https:\/\/www.martin-stefan.ch\/stefan\/veranstaltung\/11847\/\"><div class=\"event_date_text\">Dienstag, 2. Juni 2026, 11.30 Uhr<\/div><div class=\"event_title\">Seniorenmittagstisch<\/div><div class=\"event_location\">Rest. Freihof Dinhard<\/div><\/a><\/div><div class=\"event_list_item\"><a href=\"https:\/\/www.martin-stefan.ch\/stefan\/veranstaltung\/11826\/\"><div class=\"event_date_text\">Freitag, 5. Juni 2026, 10.00 Uhr<\/div><div class=\"event_title\">\u00f6kum. Seniorenandacht<\/div><div class=\"event_location\">St. Josef Sulz, Kirche<\/div><\/a><\/div><div class=\"event_list_item\"><a href=\"https:\/\/www.martin-stefan.ch\/stefan\/veranstaltung\/11887\/\"><div class=\"event_date_text\">Donnerstag, 11. Juni 2026, 14.00 Uhr<\/div><div class=\"event_title\">Seniorenangebot: Boule\/P\u00e9tanque spielen<\/div><div class=\"event_location\">Kiesplatz Sunnezirkel Sulz<\/div><\/a><\/div><div class=\"event_list_item\"><a href=\"https:\/\/www.martin-stefan.ch\/stefan\/veranstaltung\/12184\/\"><div class=\"event_date_text\">Donnerstag, 11. Juni 2026, 14.00 Uhr<\/div><div class=\"event_title\">Sulz: Singfonie und Geist<\/div><div class=\"event_location\">St. Josef Sulz, Pfarreisaal<\/div><\/a><\/div><div class=\"event_list_item\"><a href=\"https:\/\/www.martin-stefan.ch\/stefan\/veranstaltung\/11980\/\"><div class=\"event_date_text\">Montag, 15. Juni 2026, 14.30 Uhr<\/div><div class=\"event_title\">\u00f6kum. Andacht Wiesental<\/div><div class=\"event_location\">Zentrum Wiesental, Wiesendangen<\/div><\/a><\/div><div class=\"event_list_item\"><a href=\"https:\/\/www.martin-stefan.ch\/stefan\/veranstaltung\/11869\/\"><div class=\"event_date_text\">Donnerstag, 18. Juni 2026, 8.36 Uhr<\/div><div class=\"event_title\">Senioren-Wanderung<\/div><div class=\"event_location\">Treffpunkt: Bahnhof Rickenbach-Attikon<\/div><\/a><\/div><div class=\"event_list_item\"><a href=\"https:\/\/www.martin-stefan.ch\/stefan\/veranstaltung\/11622\/\"><div class=\"event_date_text\">Mittwoch, 24. Juni 2026, 11.45 Uhr<\/div><div class=\"event_title\">Senioren-Mittagstisch<\/div><div class=\"event_location\">ref. Kirchgemeindehaus Elsau<\/div><\/a><\/div><div class=\"event_list_item\"><a href=\"https:\/\/www.martin-stefan.ch\/stefan\/veranstaltung\/11859\/\"><div class=\"event_date_text\">Donnerstag, 25. Juni 2026, 14.00 Uhr<\/div><div class=\"event_title\">Jass- und Spielnachmittag<\/div><div class=\"event_location\">ref. Kirchgemeindehaus Rickenbach<\/div><\/a><\/div><div class=\"event_list_item\"><a href=\"https:\/\/www.martin-stefan.ch\/stefan\/veranstaltung\/11981\/\"><div class=\"event_date_text\">Montag, 29. Juni 2026, 14.30 Uhr<\/div><div class=\"event_title\">\u00f6kum. Andacht Wiesental<\/div><div class=\"event_location\">Zentrum Wiesental, Wiesendangen<\/div><\/a><\/div><div class=\"event_list_item\"><a href=\"https:\/\/www.martin-stefan.ch\/stefan\/veranstaltung\/11827\/\"><div class=\"event_date_text\">Freitag, 3. Juli 2026, 10.00 Uhr<\/div><div class=\"event_title\">\u00f6kum. Seniorenandacht<\/div><div class=\"event_location\">St. Josef Sulz, Kirche<\/div><\/a><\/div><div class=\"event_list_item\"><a href=\"https:\/\/www.martin-stefan.ch\/stefan\/veranstaltung\/11848\/\"><div class=\"event_date_text\">Dienstag, 7. Juli 2026, 11.30 Uhr<\/div><div class=\"event_title\">Seniorenmittagstisch<\/div><div class=\"event_location\">Rest. Sunnezirkel<\/div><\/a><\/div><div class=\"event_list_item\"><a href=\"https:\/\/www.martin-stefan.ch\/stefan\/veranstaltung\/11623\/\"><div class=\"event_date_text\">Mittwoch, 8. Juli 2026, 11.45 Uhr<\/div><div class=\"event_title\">Senioren-Mittagstisch<\/div><div class=\"event_location\">ref. Kirchgemeindehaus Elsau<\/div><\/a><\/div><div class=\"event_list_item\"><a href=\"https:\/\/www.martin-stefan.ch\/stefan\/veranstaltung\/11888\/\"><div class=\"event_date_text\">Donnerstag, 9. Juli 2026, 14.00 Uhr<\/div><div class=\"event_title\">Seniorenangebot: Boule\/P\u00e9tanque spielen<\/div><div class=\"event_location\">Kiesplatz Sunnezirkel Sulz<\/div><\/a><\/div><div class=\"event_list_item\"><a href=\"https:\/\/www.martin-stefan.ch\/stefan\/veranstaltung\/11870\/\"><div class=\"event_date_text\">Donnerstag, 16. Juli 2026, 9.30 Uhr<\/div><div class=\"event_title\">Senioren-Wanderung<\/div><div class=\"event_location\">Treffpunkt: Bahnhof Rickenbach-Attikon<\/div><\/a><\/div><div class=\"event_list_item\"><a href=\"https:\/\/www.martin-stefan.ch\/stefan\/veranstaltung\/11849\/\"><div class=\"event_date_text\">Dienstag, 4. August 2026, 11.30 Uhr<\/div><div class=\"event_title\">Seniorenmittagstisch<\/div><div class=\"event_location\">Rest. Alte M\u00fchle<\/div><\/a><\/div><div class=\"event_list_item\"><a href=\"https:\/\/www.martin-stefan.ch\/stefan\/veranstaltung\/11880\/\"><div class=\"event_date_text\">Freitag, 7. August 2026, 9.00 Uhr<\/div><div class=\"event_title\">Summerzmorge f\u00fcr Senioren<\/div><div class=\"event_location\">St. Josef Sulz, Pfarreisaal<\/div><\/a><\/div><div class=\"event_list_item\"><a href=\"https:\/\/www.martin-stefan.ch\/stefan\/veranstaltung\/11828\/\"><div class=\"event_date_text\">Freitag, 7. August 2026, 10.00 Uhr<\/div><div class=\"event_title\">\u00f6kum. Seniorenandacht<\/div><div class=\"event_location\">St. Josef Sulz, Kirche<\/div><\/a><\/div><div class=\"event_list_item\"><a href=\"https:\/\/www.martin-stefan.ch\/stefan\/veranstaltung\/11871\/\"><div class=\"event_date_text\">Donnerstag, 20. August 2026, 9.30 Uhr<\/div><div class=\"event_title\">Senioren-Wanderung<\/div><div class=\"event_location\">Treffpunkt: Bahnhof Rickenbach-Attikon<\/div><\/a><\/div><div class=\"event_list_item\"><a href=\"https:\/\/www.martin-stefan.ch\/stefan\/veranstaltung\/11889\/\"><div class=\"event_date_text\">Donnerstag, 20. August 2026, 14.00 Uhr<\/div><div class=\"event_title\">Seniorenangebot: Boule\/P\u00e9tanque spielen<\/div><div class=\"event_location\">Kiesplatz Sunnezirkel Sulz<\/div><\/a><\/div><div class=\"event_list_item\"><a href=\"https:\/\/www.martin-stefan.ch\/stefan\/veranstaltung\/11624\/\"><div class=\"event_date_text\">Mittwoch, 26. August 2026, 11.45 Uhr<\/div><div class=\"event_title\">Senioren-Mittagstisch<\/div><div class=\"event_location\">ref. Kirchgemeindehaus Elsau<\/div><\/a><\/div><div class=\"event_list_item\"><a href=\"https:\/\/www.martin-stefan.ch\/stefan\/veranstaltung\/11860\/\"><div class=\"event_date_text\">Donnerstag, 27. August 2026, 14.00 Uhr<\/div><div class=\"event_title\">Jass- und Spielnachmittag<\/div><div class=\"event_location\">ref. Kirchgemeindehaus Rickenbach<\/div><\/a><\/div><div class=\"event_list_item\"><a href=\"https:\/\/www.martin-stefan.ch\/stefan\/veranstaltung\/11850\/\"><div class=\"event_date_text\">Dienstag, 1. September 2026, 11.30 Uhr<\/div><div class=\"event_title\">Seniorenmittagstisch<\/div><div class=\"event_location\">Rest. Freihof Dinhard<\/div><\/a><\/div><div class=\"event_list_item\"><a href=\"https:\/\/www.martin-stefan.ch\/stefan\/veranstaltung\/11829\/\"><div class=\"event_date_text\">Freitag, 4. September 2026, 10.00 Uhr<\/div><div class=\"event_title\">\u00f6kum. Seniorenandacht<\/div><div class=\"event_location\">St. Josef Sulz, Kirche<\/div><\/a><\/div><div class=\"event_list_item\"><a href=\"https:\/\/www.martin-stefan.ch\/stefan\/veranstaltung\/12176\/\"><div class=\"event_date_text\">Montag, 7. September 2026, 8.00 Uhr<\/div><div class=\"event_title\">Seniorenreise<\/div><div class=\"event_location\">St. Stefan Wiesendangen<\/div><\/a><\/div><div class=\"event_list_item\"><a href=\"https:\/\/www.martin-stefan.ch\/stefan\/veranstaltung\/12177\/\"><div class=\"event_date_text\">Donnerstag, 17. September 2026, 8.00 Uhr<\/div><div class=\"event_title\">Seniorenreise<\/div><div class=\"event_location\">St. Stefan Wiesendangen<\/div><\/a><\/div><div class=\"event_list_item\"><a href=\"https:\/\/www.martin-stefan.ch\/stefan\/veranstaltung\/11872\/\"><div class=\"event_date_text\">Donnerstag, 17. September 2026, 9.30 Uhr<\/div><div class=\"event_title\">Senioren-Wanderung<\/div><div class=\"event_location\">Treffpunkt: Bahnhof Rickenbach-Attikon<\/div><\/a><\/div><div class=\"event_list_item\"><a href=\"https:\/\/www.martin-stefan.ch\/stefan\/veranstaltung\/11625\/\"><div class=\"event_date_text\">Mittwoch, 23. September 2026, 11.45 Uhr<\/div><div class=\"event_title\">Senioren-Mittagstisch<\/div><div class=\"event_location\">ref. Kirchgemeindehaus Elsau<\/div><\/a><\/div><div class=\"event_list_item\"><a href=\"https:\/\/www.martin-stefan.ch\/stefan\/veranstaltung\/11861\/\"><div class=\"event_date_text\">Donnerstag, 24. September 2026, 14.00 Uhr<\/div><div class=\"event_title\">Jass- und Spielnachmittag<\/div><div class=\"event_location\">ref. Kirchgemeindehaus Rickenbach<\/div><\/a><\/div><div class=\"event_list_item\"><a href=\"https:\/\/www.martin-stefan.ch\/stefan\/veranstaltung\/11890\/\"><div class=\"event_date_text\">Mittwoch, 30. September 2026, 9.30 Uhr<\/div><div class=\"event_title\">Seniorenausflug Rickenbach<\/div><div class=\"event_location\">Treffpunkte gem\u00e4ss Flyer<\/div><\/a><\/div><div class=\"event_list_item\"><a href=\"https:\/\/www.martin-stefan.ch\/stefan\/veranstaltung\/11830\/\"><div class=\"event_date_text\">Freitag, 2. Oktober 2026, 10.00 Uhr<\/div><div class=\"event_title\">\u00f6kum. Seniorenandacht<\/div><div class=\"event_location\">St. Josef Sulz, Kirche<\/div><\/a><\/div><div class=\"event_list_item\"><a href=\"https:\/\/www.martin-stefan.ch\/stefan\/veranstaltung\/11851\/\"><div class=\"event_date_text\">Dienstag, 6. Oktober 2026, 11.30 Uhr<\/div><div class=\"event_title\">Seniorenmittagstisch<\/div><div class=\"event_location\">Rest. Alte M\u00fchle<\/div><\/a><\/div><div class=\"event_list_item\"><a href=\"https:\/\/www.martin-stefan.ch\/stefan\/veranstaltung\/11873\/\"><div class=\"event_date_text\">Donnerstag, 15. Oktober 2026, 9.30 Uhr<\/div><div class=\"event_title\">Senioren-Wanderung<\/div><div class=\"event_location\">Treffpunkt: Bahnhof Rickenbach-Attikon<\/div><\/a><\/div><div class=\"event_list_item\"><a href=\"https:\/\/www.martin-stefan.ch\/stefan\/veranstaltung\/11862\/\"><div class=\"event_date_text\">Donnerstag, 22. Oktober 2026, 14.00 Uhr<\/div><div class=\"event_title\">Jass- und Spielnachmittag<\/div><div class=\"event_location\">ref. Kirchgemeindehaus Rickenbach<\/div><\/a><\/div><div class=\"event_list_item\"><a href=\"https:\/\/www.martin-stefan.ch\/stefan\/veranstaltung\/12178\/\"><div class=\"event_date_text\">Dienstag, 27. Oktober 2026, 14.00 Uhr<\/div><div class=\"event_title\">\u00f6kum. Seniorennachmittag Wiesendangen<\/div><div class=\"event_location\">Saal Pfarreizentrum St. Stefan<\/div><\/a><\/div><div class=\"event_list_item\"><a href=\"https:\/\/www.martin-stefan.ch\/stefan\/veranstaltung\/11876\/\"><div class=\"event_date_text\">Mittwoch, 28. Oktober 2026, 13.30 Uhr<\/div><div class=\"event_title\">27. Regionales Senioren-Jassen<\/div><div class=\"event_location\">ref. Kirchgemeindehaus Rickenbach<\/div><\/a><\/div><div class=\"event_list_item\"><a href=\"https:\/\/www.martin-stefan.ch\/stefan\/veranstaltung\/11852\/\"><div class=\"event_date_text\">Dienstag, 3. November 2026, 11.30 Uhr<\/div><div class=\"event_title\">Seniorenmittagstisch<\/div><div class=\"event_location\">Rest. Sunnezirkel<\/div><\/a><\/div><div class=\"event_list_item\"><a href=\"https:\/\/www.martin-stefan.ch\/stefan\/veranstaltung\/11831\/\"><div class=\"event_date_text\">Freitag, 6. November 2026, 10.00 Uhr<\/div><div class=\"event_title\">\u00f6kum. Seniorenandacht<\/div><div class=\"event_location\">St. Josef Sulz, Kirche<\/div><\/a><\/div><div class=\"event_list_item\"><a href=\"https:\/\/www.martin-stefan.ch\/stefan\/veranstaltung\/11700\/\"><div class=\"event_date_text\">Freitag, 6. November 2026, 18.00 Uhr<\/div><div class=\"event_title\">Jassabend<\/div><div class=\"event_location\">Saal Pfarreizentrum St. Stefan<\/div><\/a><\/div><div class=\"event_list_item\"><a href=\"https:\/\/www.martin-stefan.ch\/stefan\/veranstaltung\/11627\/\"><div class=\"event_date_text\">Mittwoch, 11. November 2026, 11.45 Uhr<\/div><div class=\"event_title\">Senioren-Mittagstisch<\/div><div class=\"event_location\">ref. Kirchgemeindehaus Elsau<\/div><\/a><\/div><div class=\"event_list_item\"><a href=\"https:\/\/www.martin-stefan.ch\/stefan\/veranstaltung\/11879\/\"><div class=\"event_date_text\">Donnerstag, 12. November 2026, 14.30 Uhr<\/div><div class=\"event_title\">Pro Senectute: Vortrag Cyberkriminalit\u00e4t<\/div><div class=\"event_location\">ref. Kirchgemeindehaus Rickenbach<\/div><\/a><\/div><div class=\"event_list_item\"><a href=\"https:\/\/www.martin-stefan.ch\/stefan\/veranstaltung\/11819\/\"><div class=\"event_date_text\">Freitag, 13. November 2026, 19.30 Uhr<\/div><div class=\"event_title\">Pub Quiz Abend<\/div><div class=\"event_location\">Saal Pfarreizentrum St. Stefan<\/div><\/a><\/div><\/div>","protected":false},"excerpt":{"rendered":"<p>In unserer Pfarrei gibt es vielf\u00e4ltige M\u00f6glichkeiten, sich mit anderen Seniorinnen und [&hellip;]<\/p>\n","protected":false},"author":1,"featured_media":0,"parent":18,"menu_order":6,"comment_status":"closed","ping_status":"closed","template":"","meta":{"_genesis_hide_title":false,"_genesis_hide_breadcrumbs":false,"_genesis_hide_singular_image":false,"_genesis_hide_footer_widgets":false,"_genesis_custom_body_class":"","_genesis_custom_post_class":"","_genesis_layout":"","_expiration-date-status":"","_expiration-date":0,"_expiration-date-type":"","_expiration-date-categories":[],"_expiration-date-options":[]},"_links":{"self":[{"href":"https:\/\/www.martin-stefan.ch\/stefan\/wp-json\/wp\/v2\/pages\/158"}],"collection":[{"href":"https:\/\/www.martin-stefan.ch\/stefan\/wp-json\/wp\/v2\/pages"}],"about":[{"href":"https:\/\/www.martin-stefan.ch\/stefan\/wp-json\/wp\/v2\/types\/page"}],"author":[{"embeddable":true,"href":"https:\/\/www.martin-stefan.ch\/stefan\/wp-json\/wp\/v2\/users\/1"}],"replies":[{"embeddable":true,"href":"https:\/\/www.martin-stefan.ch\/stefan\/wp-json\/wp\/v2\/comments?post=158"}],"version-history":[{"count":15,"href":"https:\/\/www.martin-stefan.ch\/stefan\/wp-json\/wp\/v2\/pages\/158\/revisions"}],"predecessor-version":[{"id":4950,"href":"https:\/\/www.martin-stefan.ch\/stefan\/wp-json\/wp\/v2\/pages\/158\/revisions\/4950"}],"up":[{"embeddable":true,"href":"https:\/\/www.martin-stefan.ch\/stefan\/wp-json\/wp\/v2\/pages\/18"}],"wp:attachment":[{"href":"https:\/\/www.martin-stefan.ch\/stefan\/wp-json\/wp\/v2\/media?parent=158"}],"curies":[{"name":"wp","href":"https:\/\/api.w.org\/{rel}","templated":true}]}}