{"id":18,"date":"2018-01-30T09:14:17","date_gmt":"2018-01-30T08:14:49","guid":{"rendered":"http:\/\/martins4.cyon.link\/stefan\/?page_id=18"},"modified":"2025-02-11T11:34:04","modified_gmt":"2025-02-11T10:34:04","slug":"angebote","status":"publish","type":"page","link":"https:\/\/www.martin-stefan.ch\/stefan\/angebote\/","title":{"rendered":"Angebote"},"content":{"rendered":"<p>Alle wichtigen Informationen \u00fcber Gottesdienste, Veranstaltungen, Angebote, Gruppen und Adressen sind f\u00fcr Sie zusammengestellt. Es freut uns, wenn unsere zahlreichen Angebote Sie ansprechen!<\/p>\n<p>Nach dem christlichen Glauben zu fragen, ihn zu suchen und gemeinsam auf dem Weg des Glaubens mit Jesus Christus voran zu gehen \u2013 das ist das Ziel des Pfarreilebens mit seinen vielen Gottesdiensten und Veranstaltungen. Das Seelsorgeteam, der Pfarreirat, die Ortsgruppen,\u00a0viele freiwillig Engagierte und die Kirchenpflege begleiten Sie gerne dabei.<\/p>\n<p>Wenn Sie eine ehrenamtliche T\u00e4tigkeit suchen, finden Sie bei uns ein weites Feld. Auskunft f\u00fcr M\u00f6glichkeiten des freiwilligen Engagements erhalten Sie bei unserem Gemeindeleiter oder auf dem Sekretariat der Pfarrei.<\/p>\n<p>Zusammen mit der <a href=\"http:\/\/www.martin-stefan.ch\/martin\/\" target=\"_blank\" rel=\"noopener noreferrer\">Pfarrei St. Martin Seuzach<\/a> bilden wir die <a href=\"http:\/\/www.martin-stefan.ch\/\" target=\"_blank\" rel=\"noopener noreferrer\">r\u00f6m.-kath. Kirchgemeinde Rickenbach-Seuzach<\/a>. Zu unserer Kirchgemeinde geh\u00f6ren zehn politische Gemeinden im Gebiet zwischen Thur und Stadtrand Winterthur. Die Pfarrei St. Stefan umfasst die Gemeinden Ellikon an der Thur, Elsau, Rickenbach und Wiesendangen. Gottesdienste feiern wir in der Pfarrkirche St. Stefan in Wiesendangen, in der Kirche St. Josef in Sulz und in der ref. Kirche in Elsau.<\/p>\n<p>Ausserdem bilden unsere beiden Pfarreien und die Pfarrei <a href=\"http:\/\/www.kathelgg.ch\/\" target=\"_blank\" rel=\"noopener noreferrer\">St. Georg Elgg<\/a> den Seelsorgeraum Elgg-Seuzach-Wiesendangen.<\/p>\n<br \/><div class=\"event_list_wrapper\"><h4>N\u00e4chste Daten<\/h4><div class=\"event_list_item\"><a href=\"https:\/\/www.martin-stefan.ch\/stefan\/veranstaltung\/12131\/\"><div class=\"event_date_text\">Montag, 4. Mai 2026, 19.30 Uhr<\/div><div class=\"event_title\">Elterninfoanlass Oberstufe<\/div><div class=\"event_location\">Saal Pfarreizentrum St. Stefan<\/div><\/a><\/div><div class=\"event_list_item\"><a href=\"https:\/\/www.martin-stefan.ch\/stefan\/veranstaltung\/11846\/\"><div class=\"event_date_text\">Dienstag, 5. Mai 2026, 11.30 Uhr<\/div><div class=\"event_title\">Seniorenmittagstisch<\/div><div class=\"event_location\">Rest. Sunnezirkel, Sulz<\/div><\/a><\/div><div class=\"event_list_item\"><a href=\"https:\/\/www.martin-stefan.ch\/stefan\/veranstaltung\/12120\/\"><div class=\"event_date_text\">Mittwoch, 6. Mai 2026, 9.30 Uhr<\/div><div class=\"event_title\">Seniorenausflug Rickenbach<\/div><div class=\"event_location\">Treffpunkte gem\u00e4ss Flyer<\/div><\/a><\/div><div class=\"event_list_item\"><a href=\"https:\/\/www.martin-stefan.ch\/stefan\/veranstaltung\/10911\/\"><div class=\"event_date_text\">Mittwoch, 6. Mai 2026, 13.30 Uhr<\/div><div class=\"event_title\">5.\/6. Klass-Unterricht<\/div><div class=\"event_location\">Saal Pfarreizentrum St. Stefan<\/div><\/a><\/div><div class=\"event_list_item\"><a href=\"https:\/\/www.martin-stefan.ch\/stefan\/veranstaltung\/11519\/\"><div class=\"event_date_text\">Mittwoch, 6. Mai 2026, 16.30 Uhr<\/div><div class=\"event_title\">Mini-Treff<\/div><div class=\"event_location\">Saal Pfarreizentrum St. Stefan<\/div><\/a><\/div><div class=\"event_list_item\"><a href=\"https:\/\/www.martin-stefan.ch\/stefan\/veranstaltung\/11925\/\"><div class=\"event_date_text\">Mittwoch, 6. Mai 2026, 18.00 Uhr<\/div><div class=\"event_title\">Jugendtreff<\/div><div class=\"event_location\">Clubraum<\/div><\/a><\/div><div class=\"event_list_item\"><a href=\"https:\/\/www.martin-stefan.ch\/stefan\/veranstaltung\/12015\/\"><div class=\"event_date_text\">Donnerstag, 7. Mai 2026, 8.00 Uhr<\/div><div class=\"event_title\">Chilewerkstatt<\/div><div class=\"event_location\">Saal Pfarreizentrum St. Stefan<\/div><\/a><\/div><div class=\"event_list_item\"><a href=\"https:\/\/www.martin-stefan.ch\/stefan\/veranstaltung\/10892\/\"><div class=\"event_date_text\">Donnerstag, 7. Mai 2026, 15.30 Uhr<\/div><div class=\"event_title\">5.\/6. Klass-Unterricht<\/div><div class=\"event_location\">Saal Pfarreizentrum St. Stefan<\/div><\/a><\/div><div class=\"event_list_item\"><a href=\"https:\/\/www.martin-stefan.ch\/stefan\/veranstaltung\/10701\/\"><div class=\"event_date_text\">Dienstag, 12. Mai 2026, 19.00 Uhr<\/div><div class=\"event_title\">Firmweg II: Probe<\/div><div class=\"event_location\">Kirche St. Martin Seuzach<\/div><\/a><\/div><div class=\"event_list_item\"><a href=\"https:\/\/www.martin-stefan.ch\/stefan\/veranstaltung\/10700\/\"><div class=\"event_date_text\">Donnerstag, 14. Mai 2026, 16.00 Uhr<\/div><div class=\"event_title\">Firmweg II: Deko<\/div><div class=\"event_location\">Pfarreizentrum St. Martin Seuzach<\/div><\/a><\/div><div class=\"event_list_item\"><a href=\"https:\/\/www.martin-stefan.ch\/stefan\/veranstaltung\/10702\/\"><div class=\"event_date_text\">Freitag, 15. Mai 2026, 18.30 Uhr<\/div><div class=\"event_title\">Firmweg II: Firmznacht\/Generalprobe<\/div><div class=\"event_location\">Pfarreizentrum St. Martin Seuzach<\/div><\/a><\/div><div class=\"event_list_item\"><a href=\"https:\/\/www.martin-stefan.ch\/stefan\/veranstaltung\/10703\/\"><div class=\"event_date_text\">Samstag, 16. Mai 2026, 17.30 Uhr<\/div><div class=\"event_title\">Firmweg II: Ap\u00e9ro nach der Firmung<\/div><div class=\"event_location\">Pfarreizentrum St. Martin Seuzach<\/div><\/a><\/div><div class=\"event_list_item\"><a href=\"https:\/\/www.martin-stefan.ch\/stefan\/veranstaltung\/11645\/\"><div class=\"event_date_text\">Dienstag, 19. Mai 2026, 19.30 Uhr<\/div><div class=\"event_title\">Kirchgemeindeversammlung<\/div><div class=\"event_location\">Pfarreizentrum St. Martin Seuzach<\/div><\/a><\/div><div class=\"event_list_item\"><a href=\"https:\/\/www.martin-stefan.ch\/stefan\/veranstaltung\/12129\/\"><div class=\"event_date_text\">Mittwoch, 20. Mai 2026, 19.00 Uhr<\/div><div class=\"event_title\">Maiandacht<\/div><div class=\"event_location\">St. Josef Sulz, Kirche<\/div><\/a><\/div><div class=\"event_list_item\"><a href=\"https:\/\/www.martin-stefan.ch\/stefan\/veranstaltung\/11868\/\"><div class=\"event_date_text\">Donnerstag, 21. Mai 2026, 9.30 Uhr<\/div><div class=\"event_title\">Senioren-Wanderung<\/div><div class=\"event_location\">Treffpunkt: Bahnhof Rickenbach-Attikon<\/div><\/a><\/div><div class=\"event_list_item\"><a href=\"https:\/\/www.martin-stefan.ch\/stefan\/veranstaltung\/11926\/\"><div class=\"event_date_text\">Freitag, 22. Mai 2026, 18.00 Uhr<\/div><div class=\"event_title\">Jugendtreff<\/div><div class=\"event_location\">Clubraum<\/div><\/a><\/div><div class=\"event_list_item\"><a href=\"https:\/\/www.martin-stefan.ch\/stefan\/veranstaltung\/11958\/\"><div class=\"event_date_text\">Sonntag, 24. Mai 2026, 11.00 Uhr<\/div><div class=\"event_title\">Chilekafi nach dem Gottesdienst<\/div><div class=\"event_location\">Pfarreizentrum St. Stefan Wiesendangen, K\u00fcche<\/div><\/a><\/div><div class=\"event_list_item\"><a href=\"https:\/\/www.martin-stefan.ch\/stefan\/veranstaltung\/10709\/\"><div class=\"event_date_text\">Dienstag, 26. Mai 2026, 19.00 Uhr<\/div><div class=\"event_title\">Firmweg I: Gruppe I<\/div><div class=\"event_location\">Pfarreizentrum St. Martin Seuzach<\/div><\/a><\/div><div class=\"event_list_item\"><a href=\"https:\/\/www.martin-stefan.ch\/stefan\/veranstaltung\/11621\/\"><div class=\"event_date_text\">Mittwoch, 27. Mai 2026, 11.45 Uhr<\/div><div class=\"event_title\">Senioren-Mittagstisch<\/div><div class=\"event_location\">ref. Kirchgemeindehaus Elsau<\/div><\/a><\/div><div class=\"event_list_item\"><a href=\"https:\/\/www.martin-stefan.ch\/stefan\/veranstaltung\/10714\/\"><div class=\"event_date_text\">Mittwoch, 27. Mai 2026, 19.00 Uhr<\/div><div class=\"event_title\">Firmweg I: Gruppe II<\/div><div class=\"event_location\">Pfarreizentrum St. Martin Seuzach<\/div><\/a><\/div><div class=\"event_list_item\"><a href=\"https:\/\/www.martin-stefan.ch\/stefan\/veranstaltung\/11858\/\"><div class=\"event_date_text\">Donnerstag, 28. Mai 2026, 14.00 Uhr<\/div><div class=\"event_title\">Jass- und Spielnachmittag<\/div><div class=\"event_location\">ref. Kirchgemeindehaus Rickenbach<\/div><\/a><\/div><div class=\"event_list_item\"><a href=\"https:\/\/www.martin-stefan.ch\/stefan\/veranstaltung\/12159\/\"><div class=\"event_date_text\">Sonntag, 31. Mai 2026, 8.25 Uhr<\/div><div class=\"event_title\">Minis am Bistumstag<\/div><div class=\"event_location\">Z\u00fcrich HB<\/div><\/a><\/div><div class=\"event_list_item\"><a href=\"https:\/\/www.martin-stefan.ch\/stefan\/veranstaltung\/12175\/\"><div class=\"event_date_text\">Sonntag, 31. Mai 2026, 10.30 Uhr<\/div><div class=\"event_title\">Gottesdienst am Bistumstag<\/div><div class=\"event_location\">Bahnhofshalle im Hauptbahnhof Z\u00fcrich<\/div><\/a><\/div><div class=\"event_list_item\"><a href=\"https:\/\/www.martin-stefan.ch\/stefan\/veranstaltung\/10718\/\"><div class=\"event_date_text\">Montag, 1. Juni 2026, 20.00 Uhr<\/div><div class=\"event_title\">Firmweg II: Infoabend zur Firmung 2026\/27<\/div><div class=\"event_location\">Pfarreizentrum St. Martin Seuzach<\/div><\/a><\/div><div class=\"event_list_item\"><a href=\"https:\/\/www.martin-stefan.ch\/stefan\/veranstaltung\/11847\/\"><div class=\"event_date_text\">Dienstag, 2. Juni 2026, 11.30 Uhr<\/div><div class=\"event_title\">Seniorenmittagstisch<\/div><div class=\"event_location\">Rest. Freihof Dinhard<\/div><\/a><\/div><div class=\"event_list_item\"><a href=\"https:\/\/www.martin-stefan.ch\/stefan\/veranstaltung\/11927\/\"><div class=\"event_date_text\">Mittwoch, 3. Juni 2026, 18.00 Uhr<\/div><div class=\"event_title\">Jugendtreff<\/div><div class=\"event_location\">Clubraum<\/div><\/a><\/div><div class=\"event_list_item\"><a href=\"https:\/\/www.martin-stefan.ch\/stefan\/veranstaltung\/12016\/\"><div class=\"event_date_text\">Donnerstag, 4. Juni 2026, 8.00 Uhr<\/div><div class=\"event_title\">Chilewerkstatt<\/div><div class=\"event_location\">Saal Pfarreizentrum St. Stefan<\/div><\/a><\/div><div class=\"event_list_item\"><a href=\"https:\/\/www.martin-stefan.ch\/stefan\/veranstaltung\/10717\/\"><div class=\"event_date_text\">Donnerstag, 4. Juni 2026, 18.20 Uhr<\/div><div class=\"event_title\">Firmweg I: Abschlussabend<\/div><div class=\"event_location\">Restaurant Sch\u00fctzenhaus Winterthur<\/div><\/a><\/div><div class=\"event_list_item\"><a href=\"https:\/\/www.martin-stefan.ch\/stefan\/veranstaltung\/12017\/\"><div class=\"event_date_text\">Donnerstag, 11. Juni 2026, 8.00 Uhr<\/div><div class=\"event_title\">Chilewerkstatt<\/div><div class=\"event_location\">Saal Pfarreizentrum St. Stefan<\/div><\/a><\/div><div class=\"event_list_item\"><a href=\"https:\/\/www.martin-stefan.ch\/stefan\/veranstaltung\/11887\/\"><div class=\"event_date_text\">Donnerstag, 11. Juni 2026, 14.00 Uhr<\/div><div class=\"event_title\">Seniorenangebot: Boule\/P\u00e9tanque spielen<\/div><div class=\"event_location\">Kiesplatz Sunnezirkel Sulz<\/div><\/a><\/div><div class=\"event_list_item\"><a href=\"https:\/\/www.martin-stefan.ch\/stefan\/veranstaltung\/12184\/\"><div class=\"event_date_text\">Donnerstag, 11. Juni 2026, 14.00 Uhr<\/div><div class=\"event_title\">Sulz: Singfonie und Geist<\/div><div class=\"event_location\">St. Josef Sulz, Pfarreisaal<\/div><\/a><\/div><div class=\"event_list_item\"><a href=\"https:\/\/www.martin-stefan.ch\/stefan\/veranstaltung\/11493\/\"><div class=\"event_date_text\">Montag, 15. Juni 2026, 17.00 Uhr<\/div><div class=\"event_title\">Anlass 1. Oberstufe<\/div><div class=\"event_location\">Saal Pfarreizentrum St. Stefan<\/div><\/a><\/div><div class=\"event_list_item\"><a href=\"https:\/\/www.martin-stefan.ch\/stefan\/veranstaltung\/10912\/\"><div class=\"event_date_text\">Mittwoch, 17. Juni 2026, 12.15 Uhr<\/div><div class=\"event_title\">5.\/6. Klass-Unterricht<\/div><div class=\"event_location\">Saal Pfarreizentrum St. Stefan<\/div><\/a><\/div><div class=\"event_list_item\"><a href=\"https:\/\/www.martin-stefan.ch\/stefan\/veranstaltung\/11869\/\"><div class=\"event_date_text\">Donnerstag, 18. Juni 2026, 8.36 Uhr<\/div><div class=\"event_title\">Senioren-Wanderung<\/div><div class=\"event_location\">Treffpunkt: Bahnhof Rickenbach-Attikon<\/div><\/a><\/div><div class=\"event_list_item\"><a href=\"https:\/\/www.martin-stefan.ch\/stefan\/veranstaltung\/11875\/\"><div class=\"event_date_text\">Freitag, 19. Juni 2026, 17.00 Uhr<\/div><div class=\"event_title\">Musikalischer Grillplausch<\/div><div class=\"event_location\">Chrameschberg Rickenbach<\/div><\/a><\/div><div class=\"event_list_item\"><a href=\"https:\/\/www.martin-stefan.ch\/stefan\/veranstaltung\/11928\/\"><div class=\"event_date_text\">Freitag, 19. Juni 2026, 18.00 Uhr<\/div><div class=\"event_title\">Jugendtreff<\/div><div class=\"event_location\">Clubraum<\/div><\/a><\/div><div class=\"event_list_item\"><a href=\"https:\/\/www.martin-stefan.ch\/stefan\/veranstaltung\/11421\/\"><div class=\"event_date_text\">Sonntag, 21. Juni 2026, 11.00 Uhr<\/div><div class=\"event_title\">Pfarreifest<\/div><div class=\"event_location\">Pfarreizentrum St. Stefan Wiesendangen, Foyer<\/div><\/a><\/div><div class=\"event_list_item\"><a href=\"https:\/\/www.martin-stefan.ch\/stefan\/veranstaltung\/11929\/\"><div class=\"event_date_text\">Sonntag, 21. Juni 2026, 11.00 Uhr<\/div><div class=\"event_title\">Jugendtreff<\/div><div class=\"event_location\">Clubraum<\/div><\/a><\/div><div class=\"event_list_item\"><a href=\"https:\/\/www.martin-stefan.ch\/stefan\/veranstaltung\/11622\/\"><div class=\"event_date_text\">Mittwoch, 24. Juni 2026, 11.45 Uhr<\/div><div class=\"event_title\">Senioren-Mittagstisch<\/div><div class=\"event_location\">ref. Kirchgemeindehaus Elsau<\/div><\/a><\/div><div class=\"event_list_item\"><a href=\"https:\/\/www.martin-stefan.ch\/stefan\/veranstaltung\/11497\/\"><div class=\"event_date_text\">Mittwoch, 24. Juni 2026, 17.00 Uhr<\/div><div class=\"event_title\">Anlass 2. Oberstufe<\/div><div class=\"event_location\">Saal Pfarreizentrum St. Stefan<\/div><\/a><\/div><div class=\"event_list_item\"><a href=\"https:\/\/www.martin-stefan.ch\/stefan\/veranstaltung\/11859\/\"><div class=\"event_date_text\">Donnerstag, 25. Juni 2026, 14.00 Uhr<\/div><div class=\"event_title\">Jass- und Spielnachmittag<\/div><div class=\"event_location\">ref. Kirchgemeindehaus Rickenbach<\/div><\/a><\/div><div class=\"event_list_item\"><a href=\"https:\/\/www.martin-stefan.ch\/stefan\/veranstaltung\/11520\/\"><div class=\"event_date_text\">Freitag, 26. Juni 2026, 18.00 Uhr<\/div><div class=\"event_title\">Mini-Treff<\/div><div class=\"event_location\">Saal Pfarreizentrum St. Stefan<\/div><\/a><\/div><div class=\"event_list_item\"><a href=\"https:\/\/www.martin-stefan.ch\/stefan\/veranstaltung\/11502\/\"><div class=\"event_date_text\">Montag, 29. Juni 2026, 17.00 Uhr<\/div><div class=\"event_title\">Anlass 3. Oberstufe<\/div><div class=\"event_location\">Saal Pfarreizentrum St. Stefan<\/div><\/a><\/div><div class=\"event_list_item\"><a href=\"https:\/\/www.martin-stefan.ch\/stefan\/veranstaltung\/11986\/\"><div class=\"event_date_text\">Mittwoch, 1. Juli 2026, 9.00 Uhr<\/div><div class=\"event_title\">\u00f6kum. Frauezmorge<\/div><div class=\"event_location\">Badi Rickenbach<\/div><\/a><\/div><div class=\"event_list_item\"><a href=\"https:\/\/www.martin-stefan.ch\/stefan\/veranstaltung\/11930\/\"><div class=\"event_date_text\">Mittwoch, 1. Juli 2026, 18.00 Uhr<\/div><div class=\"event_title\">Jugendtreff<\/div><div class=\"event_location\">Clubraum<\/div><\/a><\/div><div class=\"event_list_item\"><a href=\"https:\/\/www.martin-stefan.ch\/stefan\/veranstaltung\/11959\/\"><div class=\"event_date_text\">Sonntag, 5. Juli 2026, 11.00 Uhr<\/div><div class=\"event_title\">Chilekafi nach dem Gottesdienst<\/div><div class=\"event_location\">Pfarreizentrum St. Stefan Wiesendangen, K\u00fcche<\/div><\/a><\/div><div class=\"event_list_item\"><a href=\"https:\/\/www.martin-stefan.ch\/stefan\/veranstaltung\/11848\/\"><div class=\"event_date_text\">Dienstag, 7. Juli 2026, 11.30 Uhr<\/div><div class=\"event_title\">Seniorenmittagstisch<\/div><div class=\"event_location\">Rest. Sunnezirkel<\/div><\/a><\/div><div class=\"event_list_item\"><a href=\"https:\/\/www.martin-stefan.ch\/stefan\/veranstaltung\/11623\/\"><div class=\"event_date_text\">Mittwoch, 8. Juli 2026, 11.45 Uhr<\/div><div class=\"event_title\">Senioren-Mittagstisch<\/div><div class=\"event_location\">ref. Kirchgemeindehaus Elsau<\/div><\/a><\/div><div class=\"event_list_item\"><a href=\"https:\/\/www.martin-stefan.ch\/stefan\/veranstaltung\/11888\/\"><div class=\"event_date_text\">Donnerstag, 9. Juli 2026, 14.00 Uhr<\/div><div class=\"event_title\">Seniorenangebot: Boule\/P\u00e9tanque spielen<\/div><div class=\"event_location\">Kiesplatz Sunnezirkel Sulz<\/div><\/a><\/div><div class=\"event_list_item\"><a href=\"https:\/\/www.martin-stefan.ch\/stefan\/veranstaltung\/11870\/\"><div class=\"event_date_text\">Donnerstag, 16. Juli 2026, 9.30 Uhr<\/div><div class=\"event_title\">Senioren-Wanderung<\/div><div class=\"event_location\">Treffpunkt: Bahnhof Rickenbach-Attikon<\/div><\/a><\/div><\/div>","protected":false},"excerpt":{"rendered":"<p>Alle wichtigen Informationen \u00fcber Gottesdienste, Veranstaltungen, Angebote, Gruppen und Adressen sind f\u00fcr [&hellip;]<\/p>\n","protected":false},"author":1,"featured_media":0,"parent":0,"menu_order":2,"comment_status":"closed","ping_status":"closed","template":"","meta":{"_genesis_hide_title":false,"_genesis_hide_breadcrumbs":false,"_genesis_hide_singular_image":false,"_genesis_hide_footer_widgets":false,"_genesis_custom_body_class":"","_genesis_custom_post_class":"","_genesis_layout":"","_expiration-date-status":"","_expiration-date":0,"_expiration-date-type":"","_expiration-date-categories":[],"_expiration-date-options":[]},"_links":{"self":[{"href":"https:\/\/www.martin-stefan.ch\/stefan\/wp-json\/wp\/v2\/pages\/18"}],"collection":[{"href":"https:\/\/www.martin-stefan.ch\/stefan\/wp-json\/wp\/v2\/pages"}],"about":[{"href":"https:\/\/www.martin-stefan.ch\/stefan\/wp-json\/wp\/v2\/types\/page"}],"author":[{"embeddable":true,"href":"https:\/\/www.martin-stefan.ch\/stefan\/wp-json\/wp\/v2\/users\/1"}],"replies":[{"embeddable":true,"href":"https:\/\/www.martin-stefan.ch\/stefan\/wp-json\/wp\/v2\/comments?post=18"}],"version-history":[{"count":15,"href":"https:\/\/www.martin-stefan.ch\/stefan\/wp-json\/wp\/v2\/pages\/18\/revisions"}],"predecessor-version":[{"id":2006,"href":"https:\/\/www.martin-stefan.ch\/stefan\/wp-json\/wp\/v2\/pages\/18\/revisions\/2006"}],"wp:attachment":[{"href":"https:\/\/www.martin-stefan.ch\/stefan\/wp-json\/wp\/v2\/media?parent=18"}],"curies":[{"name":"wp","href":"https:\/\/api.w.org\/{rel}","templated":true}]}}